{"version":"1.0","provider_name":"Montaketak. Estructuras para eventos","provider_url":"http:\/\/montaketak.com\/en\/","author_name":"Montaketak","author_url":"http:\/\/montaketak.com\/en\/author\/montaketak\/","title":"III EDICION FESTIVAL DE LA MONTA\u00d1A RIA\u00d1O 2018 - Montaketak. Estructuras para eventos","type":"rich","width":600,"height":338,"html":"<blockquote class=\"wp-embedded-content\" data-secret=\"reIjWKXE3m\"><a href=\"http:\/\/montaketak.com\/en\/iii-edicion-festival-de-la-montana-riano-2018\/\">III EDICION FESTIVAL DE LA MONTA\u00d1A RIA\u00d1O 2018<\/a><\/blockquote><iframe sandbox=\"allow-scripts\" security=\"restricted\" src=\"http:\/\/montaketak.com\/en\/iii-edicion-festival-de-la-montana-riano-2018\/embed\/#?secret=reIjWKXE3m\" width=\"600\" height=\"338\" title=\"&#8220;III EDICION FESTIVAL DE LA MONTA\u00d1A RIA\u00d1O 2018&#8221; &#8212; Montaketak. Estructuras para eventos\" data-secret=\"reIjWKXE3m\" frameborder=\"0\" marginwidth=\"0\" marginheight=\"0\" scrolling=\"no\" class=\"wp-embedded-content\"><\/iframe><script type=\"text\/javascript\">\n\/* <![CDATA[ *\/\n\/*! This file is auto-generated *\/\n!function(d,l){\"use strict\";l.querySelector&&d.addEventListener&&\"undefined\"!=typeof URL&&(d.wp=d.wp||{},d.wp.receiveEmbedMessage||(d.wp.receiveEmbedMessage=function(e){var t=e.data;if((t||t.secret||t.message||t.value)&&!\/[^a-zA-Z0-9]\/.test(t.secret)){for(var s,r,n,a=l.querySelectorAll('iframe[data-secret=\"'+t.secret+'\"]'),o=l.querySelectorAll('blockquote[data-secret=\"'+t.secret+'\"]'),c=new RegExp(\"^https?:$\",\"i\"),i=0;i<o.length;i++)o[i].style.display=\"none\";for(i=0;i<a.length;i++)s=a[i],e.source===s.contentWindow&&(s.removeAttribute(\"style\"),\"height\"===t.message?(1e3<(r=parseInt(t.value,10))?r=1e3:~~r<200&&(r=200),s.height=r):\"link\"===t.message&&(r=new URL(s.getAttribute(\"src\")),n=new URL(t.value),c.test(n.protocol))&&n.host===r.host&&l.activeElement===s&&(d.top.location.href=t.value))}},d.addEventListener(\"message\",d.wp.receiveEmbedMessage,!1),l.addEventListener(\"DOMContentLoaded\",function(){for(var e,t,s=l.querySelectorAll(\"iframe.wp-embedded-content\"),r=0;r<s.length;r++)(t=(e=s[r]).getAttribute(\"data-secret\"))||(t=Math.random().toString(36).substring(2,12),e.src+=\"#?secret=\"+t,e.setAttribute(\"data-secret\",t)),e.contentWindow.postMessage({message:\"ready\",secret:t},\"*\")},!1)))}(window,document);\n\/* ]]> *\/\n<\/script>\n","thumbnail_url":"https:\/\/montaketak.com\/wp-content\/uploads\/2018\/08\/15cee835-6c1b-4cfe-ab82-58ff8250504c.jpg","thumbnail_width":1600,"thumbnail_height":900,"description":"El festival\u00a0M\u00fasica en la Monta\u00f1a, organizado por la\u00a0Consejer\u00eda de Fomento y Medio Ambiente, a trav\u00e9s de la Fundaci\u00f3n Patrimonio Natural, se celebr\u00f3 este s\u00e1bado en la localidad leonesa de\u00a0Ria\u00f1o\u00a0con m\u00e1s de 4.500 asistentes, superando la afluencia esperada. La noche comenz\u00f3 con la actuaci\u00f3n de\u00a0Leo Harlem\u00a0y continu\u00f3 con el concierto de la banda inglesa\u00a0Symphonic Rhapsody of&hellip;"}