{"id":3664,"date":"2018-07-18T13:12:22","date_gmt":"2018-07-18T11:12:22","guid":{"rendered":"http:\/\/montaketak.com\/?page_id=3664"},"modified":"2018-07-18T13:18:35","modified_gmt":"2018-07-18T11:18:35","slug":"news","status":"publish","type":"page","link":"http:\/\/montaketak.com\/en\/news\/","title":{"rendered":"News"},"content":{"rendered":"<div class=\"wpb-content-wrapper\"><p>[vc_row full_width=&#8221;stretch_row&#8221; bg_type=&#8221;image&#8221; parallax_style=&#8221;vcpb-default&#8221; bg_image_new=&#8221;id^3172|url^http:\/\/montaketak.com\/wp-content\/uploads\/2018\/03\/noticias-cabecera-1.jpg|caption^null|alt^null|title^noticias cabecera|description^null&#8221; bg_image_repeat=&#8221;no-repeat&#8221; bg_image_posiiton=&#8221;top&#8221; type=&#8221;vc_default&#8221; min_height=&#8221;400px&#8221; css=&#8221;.vc_custom_1520849972689{margin-top: -70px !important;padding-top: 110px !important;padding-bottom: 0px !important;}&#8221;][vc_column][vc_column_text]<\/p>\n<h1 class=\"h2-size\" style=\"text-align: center;\"><span class=\"sombreado\" style=\"color: #ffffff;\">News<\/span><\/h1>\n<p>[\/vc_column_text][vc_empty_space height=&#8221;110px&#8221;][\/vc_column][\/vc_row][vc_row type=&#8221;vc_default&#8221; css=&#8221;.vc_custom_1519980291151{margin-top: 60px !important;}&#8221;][vc_column]<style type=\"text\/css\" data-type=\"the7_shortcodes-inline-css\">.blog-shortcode.blog-masonry-shortcode-id-1.dividers-on.classic-layout-list article {\n  margin-top: ;\n  padding-top: 0;\n  border-color: ;\n}\n.blog-shortcode.blog-masonry-shortcode-id-1.dividers-on.classic-layout-list article:first-of-type {\n  margin-top: 0;\n  padding-top: 0;\n}\n.blog-shortcode.blog-masonry-shortcode-id-1.classic-layout-list.mode-list .post-thumbnail-wrap {\n  width: ;\n}\n.blog-shortcode.blog-masonry-shortcode-id-1.classic-layout-list.mode-list .post-entry-content {\n  width: calc(100% - );\n}\n.blog-shortcode.blog-masonry-shortcode-id-1.classic-layout-list.mode-list .no-img .post-entry-content {\n  width: 100%;\n}\n.blog-shortcode.blog-masonry-shortcode-id-1.side-overlap-layout-list .post-thumbnail-wrap {\n  width: ;\n}\n.blog-shortcode.blog-masonry-shortcode-id-1.side-overlap-layout-list .post-entry-content {\n  width: calc(100% -  + );\n  margin-top: 100px;\n}\n.blog-shortcode.blog-masonry-shortcode-id-1.side-overlap-layout-list .no-img .post-entry-content {\n  width: 100%;\n  margin-top: 0;\n}\n.blog-shortcode.blog-masonry-shortcode-id-1.side-overlap-layout-list .project-odd .post-entry-content {\n  margin-left: -;\n}\n.rtl .blog-shortcode.blog-masonry-shortcode-id-1.side-overlap-layout-list .project-odd .post-entry-content {\n  margin-right: -;\n  margin-left: 0;\n}\n.blog-shortcode.blog-masonry-shortcode-id-1.side-overlap-layout-list .no-img.project-odd .post-entry-content {\n  margin-left: 0;\n}\n.rtl .blog-shortcode.blog-masonry-shortcode-id-1.side-overlap-layout-list .no-img.project-odd .post-entry-content {\n  margin-right: 0;\n  margin-left: 0;\n}\n.blog-shortcode.blog-masonry-shortcode-id-1.side-overlap-layout-list .project-even .post-entry-content {\n  margin-right: -;\n}\n.rtl .blog-shortcode.blog-masonry-shortcode-id-1.side-overlap-layout-list .project-even .post-entry-content {\n  margin-left: -;\n  margin-right: 0;\n}\n.blog-shortcode.blog-masonry-shortcode-id-1.side-overlap-layout-list .no-img.project-even .post-entry-content {\n  margin-right: 0;\n}\n.rtl .blog-shortcode.blog-masonry-shortcode-id-1.side-overlap-layout-list .no-img.project-even .post-entry-content {\n  margin-left: 0;\n  margin-right: 0;\n}\n@media screen and (max-width: ) {\n  #page .blog-shortcode.blog-masonry-shortcode-id-1.side-overlap-layout-list .project-odd .post-entry-content {\n    left: 0;\n  }\n  #page .blog-shortcode.blog-masonry-shortcode-id-1.side-overlap-layout-list .project-even .post-entry-content {\n    right: 0;\n  }\n}\n.blog-shortcode.blog-masonry-shortcode-id-1.bottom-overlap-layout-list .post-entry-content {\n  margin-top: -100px;\n  width: 75%;\n}\n.blog-shortcode.blog-masonry-shortcode-id-1.bottom-overlap-layout-list:not(.mode-list) .no-img .post-entry-content {\n  margin-top: 0;\n  width: 100%;\n}\n.blog-shortcode.blog-masonry-shortcode-id-1.bottom-overlap-layout-list.mode-list .no-img .post-entry-content {\n  margin-top: 0;\n}\n.blog-shortcode.blog-masonry-shortcode-id-1.centered-layout-list article {\n  padding: 25px 30px 30px 30px;\n}\n.blog-shortcode.blog-masonry-shortcode-id-1.dividers-on.centered-layout-list article {\n  padding-top: 25px;\n  margin-top: ;\n}\n.blog-shortcode.blog-masonry-shortcode-id-1.dividers-on.centered-layout-list article:first-of-type {\n  margin-top: 0;\n  padding-top: 25px;\n}\n.blog-shortcode.blog-masonry-shortcode-id-1.centered-layout-list .post-entry-title-content {\n  width: 75%;\n}\n.blog-shortcode.blog-masonry-shortcode-id-1.centered-layout-list .post-entry-content {\n  width: 75%;\n}\n.blog-shortcode.blog-masonry-shortcode-id-1.centered-layout-list.dividers-on .post-entry-content:after {\n  width: calc(75% - 30px - 30px);\n  background: ;\n}\n#page .blog-shortcode.blog-masonry-shortcode-id-1.content-bg-on.gradient-overlap-layout-list .post-entry-content {\n  background: linear-gradient(to bottom,,) no-repeat 0px 150px;\n}\n#page .blog-shortcode.blog-masonry-shortcode-id-1.content-bg-on.gradient-overlap-layout-list .no-img .post-entry-content {\n  background: ;\n  padding: 30px 30px 30px 30px;\n}\n#page .blog-shortcode.blog-masonry-shortcode-id-1.content-bg-on.gradient-overlap-layout-list .no-img .post-entry-content:before {\n  display: none;\n}\n#page .blog-shortcode.blog-masonry-shortcode-id-1.gradient-overlay-layout-list .post-entry-content {\n  background: ;\n  top: 0px;\n  right: 0px;\n  bottom: 0px;\n  left: 0px;\n}\n.blog-shortcode.blog-masonry-shortcode-id-1.gradient-overlay-layout-list .post-head-wrapper,\n.blog-shortcode.blog-masonry-shortcode-id-1.gradient-overlay-layout-list .post-entry-wrapper {\n  right: 30px;\n  left: 30px;\n}\n#page .blog-shortcode.blog-masonry-shortcode-id-1.content-rollover-layout-list .post-entry-content {\n  background: none;\n  padding: 0;\n}\n.blog-shortcode.blog-masonry-shortcode-id-1.content-rollover-layout-list .post-entry-wrapper {\n  padding: 25px 30px 30px 30px;\n}\n.blog-shortcode.blog-masonry-shortcode-id-1.content-rollover-layout-list .post-entry-wrapper {\n  bottom: -15px;\n}\n.blog-shortcode.blog-masonry-shortcode-id-1.content-rollover-layout-list.meta-info-off .post-entry-wrapper {\n  bottom: -5px;\n}\n.blog-shortcode.blog-masonry-shortcode-id-1.content-rollover-layout-list article:not(.description-off) .post-entry-wrapper {\n  bottom: -20px;\n}\n.blog-shortcode.blog-masonry-shortcode-id-1.content-rollover-layout-list:not(.disable-layout-hover) article:hover .post-entry-wrapper {\n  bottom: 0;\n}\n.blog-shortcode.blog-masonry-shortcode-id-1 .filter a,\n.blog-shortcode.blog-masonry-shortcode-id-1 .filter a * {\n  color: ;\n}\n.blog-shortcode.blog-masonry-shortcode-id-1 .paginator a,\n.blog-shortcode.blog-masonry-shortcode-id-1 .paginator a * {\n  color: ;\n}\n.blog-shortcode.blog-masonry-shortcode-id-1 .filter-bg-decoration .filter-categories a.act {\n  color: #fff;\n}\n.blog-shortcode.blog-masonry-shortcode-id-1:not(.mode-masonry) article {\n  margin-top: ;\n}\n.blog-shortcode.blog-masonry-shortcode-id-1:not(.mode-masonry) article:first-of-type,\n.blog-shortcode.blog-masonry-shortcode-id-1:not(.mode-masonry) article.visible.first {\n  margin-top: 0;\n}\n.blog-shortcode.blog-masonry-shortcode-id-1.dividers-on:not(.mode-masonry) article {\n  margin-top: 0;\n  padding-top: ;\n}\n.blog-shortcode.blog-masonry-shortcode-id-1.dividers-on:not(.mode-masonry) article:first-of-type,\n.blog-shortcode.blog-masonry-shortcode-id-1.dividers-on:not(.mode-masonry) article.visible.first {\n  margin-top: 0;\n  padding-top: 0;\n}\n.blog-shortcode.blog-masonry-shortcode-id-1 .post-thumbnail-wrap {\n  padding: 0px 0px 0px 0px;\n}\n.blog-shortcode.blog-masonry-shortcode-id-1 .entry-title,\n.blog-shortcode.blog-masonry-shortcode-id-1.owl-carousel .entry-title {\n  margin-bottom: 5px;\n  font-style: ;\n  font-weight: bold;\n  text-transform: ;\n}\n.blog-shortcode.blog-masonry-shortcode-id-1 .entry-meta {\n  margin-bottom: 15px;\n}\n.blog-shortcode.blog-masonry-shortcode-id-1 .entry-meta * {\n  font-style: ;\n  font-weight: ;\n  text-transform: ;\n}\n.blog-shortcode.blog-masonry-shortcode-id-1 .portfolio-categories {\n  margin-bottom: 15px;\n}\n.blog-shortcode.blog-masonry-shortcode-id-1 .portfolio-categories * {\n  -webkit-text-fill-color: ;\n}\n.blog-shortcode.blog-masonry-shortcode-id-1 .entry-excerpt {\n  margin-bottom: 5px;\n  font-style: ;\n  font-weight: ;\n  text-transform: ;\n}\n.blog-shortcode.blog-masonry-shortcode-id-1:not(.centered-layout-list) .post-entry-content {\n  padding: 25px 30px 30px 30px;\n}\n.blog-shortcode.blog-masonry-shortcode-id-1:not(.centered-layout-list):not(.content-bg-on):not(.mode-list) .no-img .post-entry-content {\n  padding: 0;\n}\n@media screen and (max-width: ) {\n  .blog-shortcode.blog-masonry-shortcode-id-1 article {\n    -webkit-flex-flow: column nowrap;\n    -moz-flex-flow: column nowrap;\n    -ms-flex-flow: column nowrap;\n    flex-flow: column nowrap;\n    margin-top: 20px;\n  }\n  .blog-shortcode.blog-masonry-shortcode-id-1.dividers-on article {\n    border: none;\n  }\n  .blog-shortcode.blog-masonry-shortcode-id-1.content-bg-on.centered-layout-list article {\n    padding: 0;\n  }\n  .blog-shortcode.blog-masonry-shortcode-id-1.blog-shortcode.dividers-on article,\n  .blog-shortcode.blog-masonry-shortcode-id-1.dividers-on.classic-layout-list article {\n    margin-top: 20px;\n    padding: 0;\n  }\n  .blog-shortcode.blog-masonry-shortcode-id-1.blog-shortcode.dividers-on article:first-of-type,\n  .blog-shortcode.blog-masonry-shortcode-id-1.dividers-on.classic-layout-list article:first-of-type {\n    padding: 0;\n  }\n  #page .blog-shortcode.blog-masonry-shortcode-id-1 .post-thumbnail-wrap,\n  #page .blog-shortcode.blog-masonry-shortcode-id-1 .post-entry-content {\n    width: 100%;\n    margin: 0;\n    top: 0;\n  }\n  #page .blog-shortcode.blog-masonry-shortcode-id-1 .post-thumbnail-wrap {\n    padding: 0;\n  }\n  #page .blog-shortcode.blog-masonry-shortcode-id-1 .post-entry-content:after {\n    display: none;\n  }\n  #page .blog-shortcode.blog-masonry-shortcode-id-1 .project-even .post-thumbnail-wrap,\n  #page .blog-shortcode.blog-masonry-shortcode-id-1.centered-layout-list .post-thumbnail-wrap {\n    -webkit-order: 0;\n    -moz-order: 0;\n    -ms-flex-order: 0;\n    order: 0;\n  }\n  #page .blog-shortcode.blog-masonry-shortcode-id-1.centered-layout-list .post-entry-title-content {\n    -webkit-order: 1;\n    -moz-order: 1;\n    -ms-flex-order: 1;\n    order: 1;\n    width: 100%;\n    padding: 20px 20px 0;\n  }\n  #page .blog-shortcode.blog-masonry-shortcode-id-1.centered-layout-list .post-entry-content {\n    -webkit-order: 2;\n    -moz-order: 2;\n    -ms-flex-order: 2;\n    order: 2;\n    padding-top: 0;\n  }\n  #page .blog-shortcode.blog-masonry-shortcode-id-1 .fancy-categories {\n    top: 10px;\n    left: 10px;\n  }\n  #page .blog-shortcode.blog-masonry-shortcode-id-1 .fancy-date a {\n    top: 10px;\n    right: 10px;\n    left: auto;\n  }\n  #page .blog-shortcode.blog-masonry-shortcode-id-1 .post-entry-content {\n    padding: 20px;\n  }\n  #page .blog-shortcode.blog-masonry-shortcode-id-1 .entry-title {\n    margin: 3px 0 5px;\n    font-size: 20px;\n    line-height: 26px;\n  }\n  #page .blog-shortcode.blog-masonry-shortcode-id-1 .entry-meta {\n    margin: 5px 0 5px;\n  }\n  #page .blog-shortcode.blog-masonry-shortcode-id-1 .entry-excerpt {\n    margin: 15px 0 0;\n  }\n  #page .blog-shortcode.blog-masonry-shortcode-id-1 .post-details {\n    margin: 5px 0 10px;\n  }\n  #page .blog-shortcode.blog-masonry-shortcode-id-1 .post-details.details-type-link {\n    margin-bottom: 2px;\n  }\n}\n.blog-shortcode.blog-masonry-shortcode-id-1:not(.resize-by-browser-width) .dt-css-grid {\n  grid-row-gap: 30px;\n  grid-column-gap: 30px;\n  grid-template-columns: repeat(auto-fit,minmax(,1fr));\n}\n.blog-shortcode.blog-masonry-shortcode-id-1:not(.resize-by-browser-width) .dt-css-grid .double-width {\n  grid-column: span 2;\n}\n.cssgridlegacy.no-cssgrid .blog-shortcode.blog-masonry-shortcode-id-1:not(.resize-by-browser-width) .dt-css-grid,\n.no-cssgridlegacy.no-cssgrid .blog-shortcode.blog-masonry-shortcode-id-1:not(.resize-by-browser-width) .dt-css-grid {\n  display: flex;\n  flex-flow: row wrap;\n  margin: -15px;\n}\n.cssgridlegacy.no-cssgrid .blog-shortcode.blog-masonry-shortcode-id-1:not(.resize-by-browser-width) .dt-css-grid .wf-cell,\n.no-cssgridlegacy.no-cssgrid .blog-shortcode.blog-masonry-shortcode-id-1:not(.resize-by-browser-width) .dt-css-grid .wf-cell {\n  flex: 1 0 ;\n  min-width: ;\n  max-width: 100%;\n  padding: 15px;\n  box-sizing: border-box;\n}\n.blog-shortcode.blog-masonry-shortcode-id-1.resize-by-browser-width .dt-css-grid {\n  grid-template-columns: repeat(2,1fr);\n  grid-template-rows: auto;\n  grid-column-gap: 30px;\n  grid-row-gap: 30px;\n}\n.blog-shortcode.blog-masonry-shortcode-id-1.resize-by-browser-width .dt-css-grid .double-width {\n  grid-column: span 2;\n}\n.cssgridlegacy.no-cssgrid .blog-shortcode.blog-masonry-shortcode-id-1.resize-by-browser-width .dt-css-grid {\n  margin: -15px;\n}\n.cssgridlegacy.no-cssgrid .blog-shortcode.blog-masonry-shortcode-id-1.resize-by-browser-width .dt-css-grid .wf-cell {\n  width: 50%;\n  padding: 15px;\n}\n.cssgridlegacy.no-cssgrid .blog-shortcode.blog-masonry-shortcode-id-1.resize-by-browser-width .dt-css-grid .wf-cell.double-width {\n  width: calc(50%) * 2;\n}\n.blog-shortcode.blog-masonry-shortcode-id-1.resize-by-browser-width:not(.centered-layout-list):not(.content-bg-on) .dt-css-grid {\n  grid-row-gap: 0px;\n}\n@media screen and (max-width: 1199px) {\n  .blog-shortcode.blog-masonry-shortcode-id-1.resize-by-browser-width .dt-css-grid {\n    grid-template-columns: repeat(2,1fr);\n  }\n  .cssgridlegacy.no-cssgrid .blog-shortcode.blog-masonry-shortcode-id-1.resize-by-browser-width .dt-css-grid .wf-cell,\n  .no-cssgridlegacy.no-cssgrid .blog-shortcode.blog-masonry-shortcode-id-1.resize-by-browser-width .dt-css-grid .wf-cell {\n    width: 50%;\n  }\n  .cssgridlegacy.no-cssgrid .blog-shortcode.blog-masonry-shortcode-id-1.resize-by-browser-width .dt-css-grid .wf-cell.double-width,\n  .no-cssgridlegacy.no-cssgrid .blog-shortcode.blog-masonry-shortcode-id-1.resize-by-browser-width .dt-css-grid .wf-cell.double-width {\n    width: calc(50%)*2;\n  }\n}\n@media screen and (max-width: 991px) {\n  .blog-shortcode.blog-masonry-shortcode-id-1.resize-by-browser-width .dt-css-grid {\n    grid-template-columns: repeat(2,1fr);\n  }\n  .cssgridlegacy.no-cssgrid .blog-shortcode.blog-masonry-shortcode-id-1.resize-by-browser-width .dt-css-grid .wf-cell,\n  .no-cssgridlegacy.no-cssgrid .blog-shortcode.blog-masonry-shortcode-id-1.resize-by-browser-width .dt-css-grid .wf-cell {\n    width: 50%;\n  }\n  .cssgridlegacy.no-cssgrid .blog-shortcode.blog-masonry-shortcode-id-1.resize-by-browser-width .dt-css-grid .wf-cell.double-width,\n  .no-cssgridlegacy.no-cssgrid .blog-shortcode.blog-masonry-shortcode-id-1.resize-by-browser-width .dt-css-grid .wf-cell.double-width {\n    width: calc(50%)*2;\n  }\n}\n@media screen and (max-width: 767px) {\n  .blog-shortcode.blog-masonry-shortcode-id-1.resize-by-browser-width .dt-css-grid {\n    grid-template-columns: repeat(1,1fr);\n  }\n  .cssgridlegacy.no-cssgrid .blog-shortcode.blog-masonry-shortcode-id-1.resize-by-browser-width .dt-css-grid .wf-cell,\n  .no-cssgridlegacy.no-cssgrid .blog-shortcode.blog-masonry-shortcode-id-1.resize-by-browser-width .dt-css-grid .wf-cell {\n    width: 100%;\n  }\n  .cssgridlegacy.no-cssgrid .blog-shortcode.blog-masonry-shortcode-id-1.resize-by-browser-width .dt-css-grid .wf-cell.double-width,\n  .no-cssgridlegacy.no-cssgrid .blog-shortcode.blog-masonry-shortcode-id-1.resize-by-browser-width .dt-css-grid .wf-cell.double-width {\n    width: calc(100%)*2;\n  }\n}\n<\/style><div class=\"blog-shortcode blog-masonry-shortcode-id-1 mode-grid classic-layout-list content-bg-on jquery-filter scale-img dt-css-grid-wrap enable-bg-rollover resize-by-browser-width loading-effect-none description-under-image \" data-padding=\"15px\" data-cur-page=\"1\" data-post-limit=\"-1\" data-pagination-mode=\"none\" data-desktop-columns-num=\"2\" data-v-tablet-columns-num=\"2\" data-h-tablet-columns-num=\"2\" data-phone-columns-num=\"1\" data-width=\"0px\" data-columns=\"0\"><div class=\"dt-css-grid\" ><div class=\"visible wf-cell\" data-post-id=\"4927\" data-date=\"2020-12-09T09:06:47+01:00\" data-name=\"SAN SILVESTRE 2020\"><article class=\"post project-odd visible post-4927 type-post status-publish format-standard has-post-thumbnail hentry category-montajes-eventos category-35\" data-name=\"SAN SILVESTRE 2020\" data-date=\"2020-12-09T09:06:47+01:00\">\n\n<div class=\"post-thumbnail-wrap\">\n\t<div class=\"post-thumbnail\">\n\t\t\n\t\t\n\t\t<a href=\"http:\/\/montaketak.com\/en\/san-silvestre-2020\/\" class=\"post-thumbnail-rollover layzr-bg\" ><img loading=\"lazy\" decoding=\"async\" class=\"iso-lazy-load preload-me\" src=\"data:image\/svg+xml,%3Csvg%20xmlns%3D&#39;http%3A%2F%2Fwww.w3.org%2F2000%2Fsvg&#39;%20viewBox%3D&#39;0%200%20668%20445&#39;%2F%3E\" data-src=\"http:\/\/montaketak.com\/wp-content\/uploads\/2020\/12\/san-silvestre-668x445.jpg\" data-srcset=\"http:\/\/montaketak.com\/wp-content\/uploads\/2020\/12\/san-silvestre-668x445.jpg 668w, http:\/\/montaketak.com\/wp-content\/uploads\/2020\/12\/san-silvestre-675x450.jpg 675w\" alt=\"\" title=\"San Silvestre\" width=\"668\" height=\"445\"  \/><\/a>\t<\/div>\n<\/div>\n\n\n<div class=\"post-entry-content\">\n\n\t<h3 class=\"entry-title\">\n\t\t<a href=\"http:\/\/montaketak.com\/en\/san-silvestre-2020\/\" title=\"SAN SILVESTRE 2020\" rel=\"bookmark\">SAN SILVESTRE 2020<\/a>\n\t<\/h3>\n\n\t<div class=\"entry-meta\"><span class=\"category-link\"><a href=\"http:\/\/montaketak.com\/category\/montajes-eventos\/\" >Montajes eventos<\/a><\/span><a class=\"author vcard\" href=\"http:\/\/montaketak.com\/en\/author\/montaketak\/\" title=\"View all posts by Montaketak\" rel=\"author\">By <span class=\"fn\">Montaketak<\/span><\/a><a href=\"http:\/\/montaketak.com\/en\/2020\/12\/09\/\" title=\"9:06 am\" class=\"data-link\" rel=\"bookmark\"><time class=\"entry-date updated\" datetime=\"2020-12-09T09:06:47+01:00\">9 December, 2020<\/time><\/a><a href=\"http:\/\/montaketak.com\/en\/san-silvestre-2020\/#respond\" class=\"comment-link\" >Leave a comment<\/a><\/div>\n\t<div class=\"entry-excerpt\"><p>Aqu\u00ed est\u00e1n lo T\u00f3tems de Montaketak para definir los puntos de la carrera virtual de la San Silvestre Bilbao 2020. Korrikazaleak presenta 3 recorridos, 2 urbanos junto a la R\u00eda del Nervi\u00f3n y otro de trail, con salida en el Monte Arraiz. clasificaciones en tiempo real y aplicaci\u00f3n m\u00f3vil, tanto para Iphone como para Android.&hellip;<\/p>\n<\/div>\n\t<a href=\"http:\/\/montaketak.com\/en\/san-silvestre-2020\/\" class=\"post-details details-type-link\" rel=\"nofollow\">Read more<i class=\"fa fa-caret-right\" aria-hidden=\"true\"><\/i><\/a>\n<\/div><\/article><\/div><div class=\"visible wf-cell\" data-post-id=\"4651\" data-date=\"2020-10-08T13:45:07+02:00\" data-name=\"LA ENCARNACI\u00d3N UDAZKENA 2020\"><article class=\"post project-odd visible post-4651 type-post status-publish format-standard has-post-thumbnail hentry category-montajes-eventos category-35\" data-name=\"LA ENCARNACI\u00d3N UDAZKENA 2020\" data-date=\"2020-10-08T13:45:07+02:00\">\n\n<div class=\"post-thumbnail-wrap\">\n\t<div class=\"post-thumbnail\">\n\t\t\n\t\t\n\t\t<a href=\"http:\/\/montaketak.com\/en\/la-encarnacion-udazkena-2020\/\" class=\"post-thumbnail-rollover layzr-bg\" ><img loading=\"lazy\" decoding=\"async\" class=\"iso-lazy-load preload-me\" src=\"data:image\/svg+xml,%3Csvg%20xmlns%3D&#39;http%3A%2F%2Fwww.w3.org%2F2000%2Fsvg&#39;%20viewBox%3D&#39;0%200%20668%20445&#39;%2F%3E\" data-src=\"http:\/\/montaketak.com\/wp-content\/uploads\/2020\/10\/udazkena-2020_2-668x445.jpg\" data-srcset=\"http:\/\/montaketak.com\/wp-content\/uploads\/2020\/10\/udazkena-2020_2-668x445.jpg 668w, http:\/\/montaketak.com\/wp-content\/uploads\/2020\/10\/udazkena-2020_2-675x450.jpg 675w\" alt=\"Bilbao udazkena 2020\" title=\"UDAZKENA 2020_2\" width=\"668\" height=\"445\"  \/><\/a>\t<\/div>\n<\/div>\n\n\n<div class=\"post-entry-content\">\n\n\t<h3 class=\"entry-title\">\n\t\t<a href=\"http:\/\/montaketak.com\/en\/la-encarnacion-udazkena-2020\/\" title=\"LA ENCARNACI\u00d3N UDAZKENA 2020\" rel=\"bookmark\">LA ENCARNACI\u00d3N UDAZKENA 2020<\/a>\n\t<\/h3>\n\n\t<div class=\"entry-meta\"><span class=\"category-link\"><a href=\"http:\/\/montaketak.com\/category\/montajes-eventos\/\" >Montajes eventos<\/a><\/span><a class=\"author vcard\" href=\"http:\/\/montaketak.com\/en\/author\/montaketak\/\" title=\"View all posts by Montaketak\" rel=\"author\">By <span class=\"fn\">Montaketak<\/span><\/a><a href=\"http:\/\/montaketak.com\/en\/2020\/10\/08\/\" title=\"1:45 pm\" class=\"data-link\" rel=\"bookmark\"><time class=\"entry-date updated\" datetime=\"2020-10-08T13:45:07+02:00\">8 October, 2020<\/time><\/a><a href=\"http:\/\/montaketak.com\/en\/la-encarnacion-udazkena-2020\/#respond\" class=\"comment-link\" >Leave a comment<\/a><\/div>\n\t<div class=\"entry-excerpt\"><p>Montaketak dise\u00f1a el escenario a diferentes alturas simulando una grada para una serie de conciertos ofrecidos en la Iglesia de la Encarnaci\u00f3n de Bilbao. Se trata de un gran reto en cuanto a acotaci\u00f3n y flexibilidad, ya que la escalinata central y los pilares existentes limitan much\u00edsimo el espacio. La Orquesta Sinf\u00f3nica de Acordeones y&hellip;<\/p>\n<\/div>\n\t<a href=\"http:\/\/montaketak.com\/en\/la-encarnacion-udazkena-2020\/\" class=\"post-details details-type-link\" rel=\"nofollow\">Read more<i class=\"fa fa-caret-right\" aria-hidden=\"true\"><\/i><\/a>\n<\/div><\/article><\/div><div class=\"visible wf-cell\" data-post-id=\"4552\" data-date=\"2020-10-01T11:38:51+02:00\" data-name=\"BILBAO TRIATHLON 2020\"><article class=\"post project-odd visible post-4552 type-post status-publish format-standard has-post-thumbnail hentry category-montajes-eventos category-35\" data-name=\"BILBAO TRIATHLON 2020\" data-date=\"2020-10-01T11:38:51+02:00\">\n\n<div class=\"post-thumbnail-wrap\">\n\t<div class=\"post-thumbnail\">\n\t\t\n\t\t\n\t\t<a href=\"http:\/\/montaketak.com\/en\/bilbao-triathlon-2020\/\" class=\"post-thumbnail-rollover layzr-bg\" ><img loading=\"lazy\" decoding=\"async\" class=\"iso-lazy-load preload-me\" src=\"data:image\/svg+xml,%3Csvg%20xmlns%3D&#39;http%3A%2F%2Fwww.w3.org%2F2000%2Fsvg&#39;%20viewBox%3D&#39;0%200%20668%20445&#39;%2F%3E\" data-src=\"http:\/\/montaketak.com\/wp-content\/uploads\/2020\/10\/bilbao-conos_02-668x445.jpg\" data-srcset=\"http:\/\/montaketak.com\/wp-content\/uploads\/2020\/10\/bilbao-conos_02-668x445.jpg 668w, http:\/\/montaketak.com\/wp-content\/uploads\/2020\/10\/bilbao-conos_02-965x644.jpg 965w\" alt=\"Bilbao Triathlon 2020\" title=\"bilbao-conos_02\" width=\"668\" height=\"445\"  \/><\/a>\t<\/div>\n<\/div>\n\n\n<div class=\"post-entry-content\">\n\n\t<h3 class=\"entry-title\">\n\t\t<a href=\"http:\/\/montaketak.com\/en\/bilbao-triathlon-2020\/\" title=\"BILBAO TRIATHLON 2020\" rel=\"bookmark\">BILBAO TRIATHLON 2020<\/a>\n\t<\/h3>\n\n\t<div class=\"entry-meta\"><span class=\"category-link\"><a href=\"http:\/\/montaketak.com\/category\/montajes-eventos\/\" >Montajes eventos<\/a><\/span><a class=\"author vcard\" href=\"http:\/\/montaketak.com\/en\/author\/montaketak\/\" title=\"View all posts by Montaketak\" rel=\"author\">By <span class=\"fn\">Montaketak<\/span><\/a><a href=\"http:\/\/montaketak.com\/en\/2020\/10\/01\/\" title=\"11:38 am\" class=\"data-link\" rel=\"bookmark\"><time class=\"entry-date updated\" datetime=\"2020-10-01T11:38:51+02:00\">1 October, 2020<\/time><\/a><a href=\"http:\/\/montaketak.com\/en\/bilbao-triathlon-2020\/#respond\" class=\"comment-link\" >Leave a comment<\/a><\/div>\n\t<div class=\"entry-excerpt\"><p>El 26 de Septiembre Montaketak form\u00f3 parte del montaje triatl\u00f3n de Bilbao con el alquiler de conos y vallas. Felicitamos al campe\u00f3n en la categor\u00eda masculina G\u00f3mez Noya y femenina Anneke Jenkins.<\/p>\n<\/div>\n\t<a href=\"http:\/\/montaketak.com\/en\/bilbao-triathlon-2020\/\" class=\"post-details details-type-link\" rel=\"nofollow\">Read more<i class=\"fa fa-caret-right\" aria-hidden=\"true\"><\/i><\/a>\n<\/div><\/article><\/div><div class=\"visible wf-cell\" data-post-id=\"4533\" data-date=\"2020-09-30T11:46:06+02:00\" data-name=\"BILBAO MUSIKA KALEAN 2020\"><article class=\"post project-odd visible post-4533 type-post status-publish format-standard has-post-thumbnail hentry category-montajes-eventos category-35\" data-name=\"BILBAO MUSIKA KALEAN 2020\" data-date=\"2020-09-30T11:46:06+02:00\">\n\n<div class=\"post-thumbnail-wrap\">\n\t<div class=\"post-thumbnail\">\n\t\t\n\t\t\n\t\t<a href=\"http:\/\/montaketak.com\/en\/bilbao-musika-kalean-2020\/\" class=\"post-thumbnail-rollover layzr-bg\" ><img loading=\"lazy\" decoding=\"async\" class=\"iso-lazy-load preload-me\" src=\"data:image\/svg+xml,%3Csvg%20xmlns%3D&#39;http%3A%2F%2Fwww.w3.org%2F2000%2Fsvg&#39;%20viewBox%3D&#39;0%200%20668%20445&#39;%2F%3E\" data-src=\"http:\/\/montaketak.com\/wp-content\/uploads\/2020\/09\/3-668x445.jpg\" data-srcset=\"http:\/\/montaketak.com\/wp-content\/uploads\/2020\/09\/3-668x445.jpg 668w, http:\/\/montaketak.com\/wp-content\/uploads\/2020\/09\/3-675x450.jpg 675w\" alt=\"\" title=\"3\" width=\"668\" height=\"445\"  \/><\/a>\t<\/div>\n<\/div>\n\n\n<div class=\"post-entry-content\">\n\n\t<h3 class=\"entry-title\">\n\t\t<a href=\"http:\/\/montaketak.com\/en\/bilbao-musika-kalean-2020\/\" title=\"BILBAO MUSIKA KALEAN 2020\" rel=\"bookmark\">BILBAO MUSIKA KALEAN 2020<\/a>\n\t<\/h3>\n\n\t<div class=\"entry-meta\"><span class=\"category-link\"><a href=\"http:\/\/montaketak.com\/category\/montajes-eventos\/\" >Montajes eventos<\/a><\/span><a class=\"author vcard\" href=\"http:\/\/montaketak.com\/en\/author\/montaketak\/\" title=\"View all posts by Montaketak\" rel=\"author\">By <span class=\"fn\">Montaketak<\/span><\/a><a href=\"http:\/\/montaketak.com\/en\/2020\/09\/30\/\" title=\"11:46 am\" class=\"data-link\" rel=\"bookmark\"><time class=\"entry-date updated\" datetime=\"2020-09-30T11:46:06+02:00\">30 September, 2020<\/time><\/a><a href=\"http:\/\/montaketak.com\/en\/bilbao-musika-kalean-2020\/#respond\" class=\"comment-link\" >Leave a comment<\/a><\/div>\n\t<div class=\"entry-excerpt\"><p>Montaketak gestiona el montaje de 24 conciertos gratu\u00edtos en un mes. Varios barrios de Bilbao gozaron de la m\u00fasica en directo cumpliendo con todas las normas sanitarias vigentes. Montaketak promueve el alquiler de sillas, vallas, catenarias, elementos de emergencia y seguridad.<\/p>\n<\/div>\n\t<a href=\"http:\/\/montaketak.com\/en\/bilbao-musika-kalean-2020\/\" class=\"post-details details-type-link\" rel=\"nofollow\">Read more<i class=\"fa fa-caret-right\" aria-hidden=\"true\"><\/i><\/a>\n<\/div><\/article><\/div><div class=\"visible wf-cell\" data-post-id=\"4517\" data-date=\"2020-09-03T09:05:53+02:00\" data-name=\"UEFA WOMEN\u00b4S CHAMPIONS LEAGE 2020\"><article class=\"post project-odd visible post-4517 type-post status-publish format-standard has-post-thumbnail hentry category-personal category-91\" data-name=\"UEFA WOMEN\u00b4S CHAMPIONS LEAGE 2020\" data-date=\"2020-09-03T09:05:53+02:00\">\n\n<div class=\"post-thumbnail-wrap\">\n\t<div class=\"post-thumbnail\">\n\t\t\n\t\t\n\t\t<a href=\"http:\/\/montaketak.com\/en\/uefa-womens-champions-leage-2020\/\" class=\"post-thumbnail-rollover layzr-bg\" ><img loading=\"lazy\" decoding=\"async\" class=\"iso-lazy-load preload-me\" src=\"data:image\/svg+xml,%3Csvg%20xmlns%3D&#39;http%3A%2F%2Fwww.w3.org%2F2000%2Fsvg&#39;%20viewBox%3D&#39;0%200%20668%20445&#39;%2F%3E\" data-src=\"http:\/\/montaketak.com\/wp-content\/uploads\/2020\/09\/uefa-champions-668x445.jpg\" data-srcset=\"http:\/\/montaketak.com\/wp-content\/uploads\/2020\/09\/uefa-champions-668x445.jpg 668w, http:\/\/montaketak.com\/wp-content\/uploads\/2020\/09\/uefa-champions-675x450.jpg 675w\" alt=\"\" title=\"UEFA Champions\" width=\"668\" height=\"445\"  \/><\/a>\t<\/div>\n<\/div>\n\n\n<div class=\"post-entry-content\">\n\n\t<h3 class=\"entry-title\">\n\t\t<a href=\"http:\/\/montaketak.com\/en\/uefa-womens-champions-leage-2020\/\" title=\"UEFA WOMEN\u00b4S CHAMPIONS LEAGE 2020\" rel=\"bookmark\">UEFA WOMEN\u00b4S CHAMPIONS LEAGE 2020<\/a>\n\t<\/h3>\n\n\t<div class=\"entry-meta\"><span class=\"category-link\"><a href=\"http:\/\/montaketak.com\/category\/personal\/\" >Personal<\/a><\/span><a class=\"author vcard\" href=\"http:\/\/montaketak.com\/en\/author\/montaketak\/\" title=\"View all posts by Montaketak\" rel=\"author\">By <span class=\"fn\">Montaketak<\/span><\/a><a href=\"http:\/\/montaketak.com\/en\/2020\/09\/03\/\" title=\"9:05 am\" class=\"data-link\" rel=\"bookmark\"><time class=\"entry-date updated\" datetime=\"2020-09-03T09:05:53+02:00\">3 September, 2020<\/time><\/a><a href=\"http:\/\/montaketak.com\/en\/uefa-womens-champions-leage-2020\/#respond\" class=\"comment-link\" >Leave a comment<\/a><\/div>\n\t<div class=\"entry-excerpt\"><p>Montaketak colabor\u00f3 con su personal en la celebraci\u00f3n de la final de la UEFA Femenina 2020 celebrada en Anoeta. El Lyon volvi\u00f3 a hacer historia en la Women\u2019s Champions League, ya que las francesas sumaron en Anoeta su quinto t\u00edtulo consecutivo y s\u00e9ptimo alterno en este torneo continental tras tumbar en la final por 1-3&hellip;<\/p>\n<\/div>\n\t<a href=\"http:\/\/montaketak.com\/en\/uefa-womens-champions-leage-2020\/\" class=\"post-details details-type-link\" rel=\"nofollow\">Read more<i class=\"fa fa-caret-right\" aria-hidden=\"true\"><\/i><\/a>\n<\/div><\/article><\/div><div class=\"visible wf-cell\" data-post-id=\"4511\" data-date=\"2020-09-03T08:57:01+02:00\" data-name=\"EUSKAL ENCOUTER 2020\"><article class=\"post project-odd visible post-4511 type-post status-publish format-standard has-post-thumbnail hentry category-montajes-eventos category-35\" data-name=\"EUSKAL ENCOUTER 2020\" data-date=\"2020-09-03T08:57:01+02:00\">\n\n<div class=\"post-thumbnail-wrap\">\n\t<div class=\"post-thumbnail\">\n\t\t\n\t\t\n\t\t<a href=\"http:\/\/montaketak.com\/en\/euskal-encouter-2020\/\" class=\"post-thumbnail-rollover layzr-bg\" ><img loading=\"lazy\" decoding=\"async\" class=\"iso-lazy-load preload-me\" src=\"data:image\/svg+xml,%3Csvg%20xmlns%3D&#39;http%3A%2F%2Fwww.w3.org%2F2000%2Fsvg&#39;%20viewBox%3D&#39;0%200%20668%20445&#39;%2F%3E\" data-src=\"http:\/\/montaketak.com\/wp-content\/uploads\/2020\/09\/euskal-encounter-668x445.jpg\" data-srcset=\"http:\/\/montaketak.com\/wp-content\/uploads\/2020\/09\/euskal-encounter-668x445.jpg 668w, http:\/\/montaketak.com\/wp-content\/uploads\/2020\/09\/euskal-encounter-675x450.jpg 675w\" alt=\"\" title=\"Euskal Encounter\" width=\"668\" height=\"445\"  \/><\/a>\t<\/div>\n<\/div>\n\n\n<div class=\"post-entry-content\">\n\n\t<h3 class=\"entry-title\">\n\t\t<a href=\"http:\/\/montaketak.com\/en\/euskal-encouter-2020\/\" title=\"EUSKAL ENCOUTER 2020\" rel=\"bookmark\">EUSKAL ENCOUTER 2020<\/a>\n\t<\/h3>\n\n\t<div class=\"entry-meta\"><span class=\"category-link\"><a href=\"http:\/\/montaketak.com\/category\/montajes-eventos\/\" >Montajes eventos<\/a><\/span><a class=\"author vcard\" href=\"http:\/\/montaketak.com\/en\/author\/montaketak\/\" title=\"View all posts by Montaketak\" rel=\"author\">By <span class=\"fn\">Montaketak<\/span><\/a><a href=\"http:\/\/montaketak.com\/en\/2020\/09\/03\/\" title=\"8:57 am\" class=\"data-link\" rel=\"bookmark\"><time class=\"entry-date updated\" datetime=\"2020-09-03T08:57:01+02:00\">3 September, 2020<\/time><\/a><a href=\"http:\/\/montaketak.com\/en\/euskal-encouter-2020\/#respond\" class=\"comment-link\" >Leave a comment<\/a><\/div>\n\t<div class=\"entry-excerpt\"><p>Montaketak en la Euskal Encouter 2020, este a\u00f1o en formato online, que cont\u00f3 con un completo programa para los tres d\u00edas, que incluy\u00f3 actividades formativas y l\u00fadicas, as\u00ed como competiciones en \u00e1reas como el arte digital, la programaci\u00f3n y los videojuegos, todas realizadas a trav\u00e9s de Internet. As\u00ed mismo, la conocida &#8216;Opengune&#8217;, el espacio abierto&hellip;<\/p>\n<\/div>\n\t<a href=\"http:\/\/montaketak.com\/en\/euskal-encouter-2020\/\" class=\"post-details details-type-link\" rel=\"nofollow\">Read more<i class=\"fa fa-caret-right\" aria-hidden=\"true\"><\/i><\/a>\n<\/div><\/article><\/div><div class=\"visible wf-cell\" data-post-id=\"4506\" data-date=\"2020-09-03T08:49:53+02:00\" data-name=\"SAN ROQUE - PORTUGALETE 2020\"><article class=\"post project-odd visible post-4506 type-post status-publish format-standard has-post-thumbnail hentry category-montajes-eventos category-35\" data-name=\"SAN ROQUE &#8211; PORTUGALETE 2020\" data-date=\"2020-09-03T08:49:53+02:00\">\n\n<div class=\"post-thumbnail-wrap\">\n\t<div class=\"post-thumbnail\">\n\t\t\n\t\t\n\t\t<a href=\"http:\/\/montaketak.com\/en\/san-roque-portugalete-2020\/\" class=\"post-thumbnail-rollover layzr-bg\" ><img loading=\"lazy\" decoding=\"async\" class=\"iso-lazy-load preload-me\" src=\"data:image\/svg+xml,%3Csvg%20xmlns%3D&#39;http%3A%2F%2Fwww.w3.org%2F2000%2Fsvg&#39;%20viewBox%3D&#39;0%200%20668%20445&#39;%2F%3E\" data-src=\"http:\/\/montaketak.com\/wp-content\/uploads\/2020\/09\/travellin-668x445.jpg\" data-srcset=\"http:\/\/montaketak.com\/wp-content\/uploads\/2020\/09\/travellin-668x445.jpg 668w, http:\/\/montaketak.com\/wp-content\/uploads\/2020\/09\/travellin-675x450.jpg 675w\" alt=\"\" title=\"Travellin\" width=\"668\" height=\"445\"  \/><\/a>\t<\/div>\n<\/div>\n\n\n<div class=\"post-entry-content\">\n\n\t<h3 class=\"entry-title\">\n\t\t<a href=\"http:\/\/montaketak.com\/en\/san-roque-portugalete-2020\/\" title=\"SAN ROQUE &#8211; PORTUGALETE 2020\" rel=\"bookmark\">SAN ROQUE &#8211; PORTUGALETE 2020<\/a>\n\t<\/h3>\n\n\t<div class=\"entry-meta\"><span class=\"category-link\"><a href=\"http:\/\/montaketak.com\/category\/montajes-eventos\/\" >Montajes eventos<\/a><\/span><a class=\"author vcard\" href=\"http:\/\/montaketak.com\/en\/author\/montaketak\/\" title=\"View all posts by Montaketak\" rel=\"author\">By <span class=\"fn\">Montaketak<\/span><\/a><a href=\"http:\/\/montaketak.com\/en\/2020\/09\/03\/\" title=\"8:49 am\" class=\"data-link\" rel=\"bookmark\"><time class=\"entry-date updated\" datetime=\"2020-09-03T08:49:53+02:00\">3 September, 2020<\/time><\/a><a href=\"http:\/\/montaketak.com\/en\/san-roque-portugalete-2020\/#respond\" class=\"comment-link\" >Leave a comment<\/a><\/div>\n\t<div class=\"entry-excerpt\"><p>\u00a1 Montaketak con la cultura ! &nbsp;Portugalete es uno de los Ayuntamiento que apuesta por la cultura prevaleciendo los criterios sanitarios. Actos como el concierto de Travellin Brothers, magos y mon\u00f3logos protagonizaron las no-fiestas de San Roque 2020. Fiestas seguras, siguiendo los protocolos indicados por las autoridades.<\/p>\n<\/div>\n\t<a href=\"http:\/\/montaketak.com\/en\/san-roque-portugalete-2020\/\" class=\"post-details details-type-link\" rel=\"nofollow\">Read more<i class=\"fa fa-caret-right\" aria-hidden=\"true\"><\/i><\/a>\n<\/div><\/article><\/div><div class=\"visible wf-cell\" data-post-id=\"4473\" data-date=\"2020-06-15T09:38:50+02:00\" data-name=\"REANUDACI\u00d3N LIGA 2020\"><article class=\"post project-odd visible post-4473 type-post status-publish format-standard has-post-thumbnail hentry category-montajes-eventos category-35\" data-name=\"REANUDACI\u00d3N LIGA 2020\" data-date=\"2020-06-15T09:38:50+02:00\">\n\n<div class=\"post-thumbnail-wrap\">\n\t<div class=\"post-thumbnail\">\n\t\t\n\t\t\n\t\t<a href=\"http:\/\/montaketak.com\/en\/reanudacion-de-la-liga-2020\/\" class=\"post-thumbnail-rollover layzr-bg\" ><img loading=\"lazy\" decoding=\"async\" class=\"iso-lazy-load preload-me\" src=\"data:image\/svg+xml,%3Csvg%20xmlns%3D&#39;http%3A%2F%2Fwww.w3.org%2F2000%2Fsvg&#39;%20viewBox%3D&#39;0%200%20668%20445&#39;%2F%3E\" data-src=\"http:\/\/montaketak.com\/wp-content\/uploads\/2020\/06\/proyeccion-reanudacion-liga-668x445.jpg\" data-srcset=\"http:\/\/montaketak.com\/wp-content\/uploads\/2020\/06\/proyeccion-reanudacion-liga-668x445.jpg 668w, http:\/\/montaketak.com\/wp-content\/uploads\/2020\/06\/proyeccion-reanudacion-liga-675x450.jpg 675w\" alt=\"\" title=\"Proyeccion Reanudacion Liga\" width=\"668\" height=\"445\"  \/><\/a>\t<\/div>\n<\/div>\n\n\n<div class=\"post-entry-content\">\n\n\t<h3 class=\"entry-title\">\n\t\t<a href=\"http:\/\/montaketak.com\/en\/reanudacion-de-la-liga-2020\/\" title=\"REANUDACI\u00d3N LIGA 2020\" rel=\"bookmark\">REANUDACI\u00d3N LIGA 2020<\/a>\n\t<\/h3>\n\n\t<div class=\"entry-meta\"><span class=\"category-link\"><a href=\"http:\/\/montaketak.com\/category\/montajes-eventos\/\" >Montajes eventos<\/a><\/span><a class=\"author vcard\" href=\"http:\/\/montaketak.com\/en\/author\/montaketak\/\" title=\"View all posts by Montaketak\" rel=\"author\">By <span class=\"fn\">Montaketak<\/span><\/a><a href=\"http:\/\/montaketak.com\/en\/2020\/06\/15\/\" title=\"9:38 am\" class=\"data-link\" rel=\"bookmark\"><time class=\"entry-date updated\" datetime=\"2020-06-15T09:38:50+02:00\">15 June, 2020<\/time><\/a><a href=\"http:\/\/montaketak.com\/en\/reanudacion-de-la-liga-2020\/#respond\" class=\"comment-link\" >Leave a comment<\/a><\/div>\n\t<div class=\"entry-excerpt\"><p>\u00a1Vuelve la liga! Y queremos celebrarlo con proyecciones sobre el edificio de la oficina de Turismo en la Plaza Circular de Bilbao. Montaketak instala una torre de proyecci\u00f3n mapping cubierta con el fin de disfrutarlo. Con esta ilusi\u00f3n tambi\u00e9n ganaremos el partido contra la Covid-19.<\/p>\n<\/div>\n\t<a href=\"http:\/\/montaketak.com\/en\/reanudacion-de-la-liga-2020\/\" class=\"post-details details-type-link\" rel=\"nofollow\">Read more<i class=\"fa fa-caret-right\" aria-hidden=\"true\"><\/i><\/a>\n<\/div><\/article><\/div><div class=\"visible wf-cell\" data-post-id=\"4466\" data-date=\"2020-06-15T09:31:52+02:00\" data-name=\"ASAMBLEA TELE-PRESENCIAL CIKAUTXO 2020\"><article class=\"post project-odd visible post-4466 type-post status-publish format-standard has-post-thumbnail hentry category-montajes-eventos category-35\" data-name=\"ASAMBLEA TELE-PRESENCIAL CIKAUTXO 2020\" data-date=\"2020-06-15T09:31:52+02:00\">\n\n<div class=\"post-thumbnail-wrap\">\n\t<div class=\"post-thumbnail\">\n\t\t\n\t\t\n\t\t<a href=\"http:\/\/montaketak.com\/en\/asamblea-telematica-presencial-de-cikautxo-2020\/\" class=\"post-thumbnail-rollover layzr-bg\" ><img loading=\"lazy\" decoding=\"async\" class=\"iso-lazy-load preload-me\" src=\"data:image\/svg+xml,%3Csvg%20xmlns%3D&#39;http%3A%2F%2Fwww.w3.org%2F2000%2Fsvg&#39;%20viewBox%3D&#39;0%200%20668%20445&#39;%2F%3E\" data-src=\"http:\/\/montaketak.com\/wp-content\/uploads\/2020\/06\/cikautxo_markina-668x445.jpg\" data-srcset=\"http:\/\/montaketak.com\/wp-content\/uploads\/2020\/06\/cikautxo_markina-668x445.jpg 668w, http:\/\/montaketak.com\/wp-content\/uploads\/2020\/06\/cikautxo_markina-675x450.jpg 675w\" alt=\"\" title=\"Cikautxo_Markina\" width=\"668\" height=\"445\"  \/><\/a>\t<\/div>\n<\/div>\n\n\n<div class=\"post-entry-content\">\n\n\t<h3 class=\"entry-title\">\n\t\t<a href=\"http:\/\/montaketak.com\/en\/asamblea-telematica-presencial-de-cikautxo-2020\/\" title=\"ASAMBLEA TELE-PRESENCIAL CIKAUTXO 2020\" rel=\"bookmark\">ASAMBLEA TELE-PRESENCIAL CIKAUTXO 2020<\/a>\n\t<\/h3>\n\n\t<div class=\"entry-meta\"><span class=\"category-link\"><a href=\"http:\/\/montaketak.com\/category\/montajes-eventos\/\" >Montajes eventos<\/a><\/span><a class=\"author vcard\" href=\"http:\/\/montaketak.com\/en\/author\/montaketak\/\" title=\"View all posts by Montaketak\" rel=\"author\">By <span class=\"fn\">Montaketak<\/span><\/a><a href=\"http:\/\/montaketak.com\/en\/2020\/06\/15\/\" title=\"9:31 am\" class=\"data-link\" rel=\"bookmark\"><time class=\"entry-date updated\" datetime=\"2020-06-15T09:31:52+02:00\">15 June, 2020<\/time><\/a><a href=\"http:\/\/montaketak.com\/en\/asamblea-telematica-presencial-de-cikautxo-2020\/#respond\" class=\"comment-link\" >Leave a comment<\/a><\/div>\n\t<div class=\"entry-excerpt\"><p>Para hacer posible la Asamble Anual 2020 de la cooperativa vizca\u00edna de Mondrag\u00f3n corporation, Montaketak destaca su estructura para pantalla led. Con un formato innovador y pionero en la realizaci\u00f3n de las asambleas cooperativistas, que ha combinado la modalidad presencial y online, en una \u00fanica conexi\u00f3n. Se trata de un dise\u00f1o corporativo totalmente personalizado para&hellip;<\/p>\n<\/div>\n\t<a href=\"http:\/\/montaketak.com\/en\/asamblea-telematica-presencial-de-cikautxo-2020\/\" class=\"post-details details-type-link\" rel=\"nofollow\">Read more<i class=\"fa fa-caret-right\" aria-hidden=\"true\"><\/i><\/a>\n<\/div><\/article><\/div><div class=\"visible wf-cell\" data-post-id=\"4433\" data-date=\"2020-04-20T11:33:26+02:00\" data-name=\"EROSKI MEDIDAS PROTECCION COVID-19\"><article class=\"post project-odd visible post-4433 type-post status-publish format-standard has-post-thumbnail hentry category-sin-categoria category-1\" data-name=\"EROSKI MEDIDAS PROTECCION COVID-19\" data-date=\"2020-04-20T11:33:26+02:00\">\n\n<div class=\"post-thumbnail-wrap\">\n\t<div class=\"post-thumbnail\">\n\t\t\n\t\t\n\t\t<a href=\"http:\/\/montaketak.com\/en\/reinventarse-o-morir\/\" class=\"post-thumbnail-rollover layzr-bg\" ><img loading=\"lazy\" decoding=\"async\" class=\"iso-lazy-load preload-me\" src=\"data:image\/svg+xml,%3Csvg%20xmlns%3D&#39;http%3A%2F%2Fwww.w3.org%2F2000%2Fsvg&#39;%20viewBox%3D&#39;0%200%20668%20445&#39;%2F%3E\" data-src=\"http:\/\/montaketak.com\/wp-content\/uploads\/2020\/04\/eroski-vs-covid-19-1-668x445.jpg\" data-srcset=\"http:\/\/montaketak.com\/wp-content\/uploads\/2020\/04\/eroski-vs-covid-19-1-668x445.jpg 668w, http:\/\/montaketak.com\/wp-content\/uploads\/2020\/04\/eroski-vs-covid-19-1-675x450.jpg 675w\" alt=\"\" title=\"Eroski vs Covid-19\" width=\"668\" height=\"445\"  \/><\/a>\t<\/div>\n<\/div>\n\n\n<div class=\"post-entry-content\">\n\n\t<h3 class=\"entry-title\">\n\t\t<a href=\"http:\/\/montaketak.com\/en\/reinventarse-o-morir\/\" title=\"EROSKI MEDIDAS PROTECCION COVID-19\" rel=\"bookmark\">EROSKI MEDIDAS PROTECCION COVID-19<\/a>\n\t<\/h3>\n\n\t<div class=\"entry-meta\"><span class=\"category-link\"><a href=\"http:\/\/montaketak.com\/category\/sin-categoria\/\" >Sin categor\u00eda<\/a><\/span><a class=\"author vcard\" href=\"http:\/\/montaketak.com\/en\/author\/montaketak\/\" title=\"View all posts by Montaketak\" rel=\"author\">By <span class=\"fn\">Montaketak<\/span><\/a><a href=\"http:\/\/montaketak.com\/en\/2020\/04\/20\/\" title=\"11:33 am\" class=\"data-link\" rel=\"bookmark\"><time class=\"entry-date updated\" datetime=\"2020-04-20T11:33:26+02:00\">20 April, 2020<\/time><\/a><a href=\"http:\/\/montaketak.com\/en\/reinventarse-o-morir\/#respond\" class=\"comment-link\" >Leave a comment<\/a><\/div>\n\t<div class=\"entry-excerpt\"><p>Montaketak colabora con empresas en el desarrollo de las medidas de proteccion contra el covid-19 para conseguir un r\u00e1pido descenso de contagiados, y controlar zonas y accesos para clientes y trabajadores. Con el alquiler de nuestras vallas, catenarias y dem\u00e1s elementos podr\u00e1s crear espacios de seguridad y protecci\u00f3n para las personas.<\/p>\n<\/div>\n\t<a href=\"http:\/\/montaketak.com\/en\/reinventarse-o-morir\/\" class=\"post-details details-type-link\" rel=\"nofollow\">Read more<i class=\"fa fa-caret-right\" aria-hidden=\"true\"><\/i><\/a>\n<\/div><\/article><\/div><div class=\"visible wf-cell\" data-post-id=\"4375\" data-date=\"2020-01-30T11:26:51+01:00\" data-name=\"SEGURIDAD: VALLA ANTIAVALANCHA\"><article class=\"post project-odd visible post-4375 type-post status-publish format-standard has-post-thumbnail hentry category-blog category-90\" data-name=\"SEGURIDAD: VALLA ANTIAVALANCHA\" data-date=\"2020-01-30T11:26:51+01:00\">\n\n<div class=\"post-thumbnail-wrap\">\n\t<div class=\"post-thumbnail\">\n\t\t\n\t\t\n\t\t<a href=\"http:\/\/montaketak.com\/en\/como-dormir-tranquilo\/\" class=\"post-thumbnail-rollover layzr-bg\" ><img loading=\"lazy\" decoding=\"async\" class=\"iso-lazy-load preload-me\" src=\"data:image\/svg+xml,%3Csvg%20xmlns%3D&#39;http%3A%2F%2Fwww.w3.org%2F2000%2Fsvg&#39;%20viewBox%3D&#39;0%200%20668%20445&#39;%2F%3E\" data-src=\"http:\/\/montaketak.com\/wp-content\/uploads\/2020\/01\/valla-antiavalancha-668x445.jpg\" data-srcset=\"http:\/\/montaketak.com\/wp-content\/uploads\/2020\/01\/valla-antiavalancha-668x445.jpg 668w, http:\/\/montaketak.com\/wp-content\/uploads\/2020\/01\/valla-antiavalancha-675x450.jpg 675w\" alt=\"\" title=\"Valla Antiavalancha\" width=\"668\" height=\"445\"  \/><\/a>\t<\/div>\n<\/div>\n\n\n<div class=\"post-entry-content\">\n\n\t<h3 class=\"entry-title\">\n\t\t<a href=\"http:\/\/montaketak.com\/en\/como-dormir-tranquilo\/\" title=\"SEGURIDAD: VALLA ANTIAVALANCHA\" rel=\"bookmark\">SEGURIDAD: VALLA ANTIAVALANCHA<\/a>\n\t<\/h3>\n\n\t<div class=\"entry-meta\"><span class=\"category-link\"><a href=\"http:\/\/montaketak.com\/category\/blog\/\" >Blog<\/a><\/span><a class=\"author vcard\" href=\"http:\/\/montaketak.com\/en\/author\/montaketak\/\" title=\"View all posts by Montaketak\" rel=\"author\">By <span class=\"fn\">Montaketak<\/span><\/a><a href=\"http:\/\/montaketak.com\/en\/2020\/01\/30\/\" title=\"11:26 am\" class=\"data-link\" rel=\"bookmark\"><time class=\"entry-date updated\" datetime=\"2020-01-30T11:26:51+01:00\">30 January, 2020<\/time><\/a><a href=\"http:\/\/montaketak.com\/en\/como-dormir-tranquilo\/#respond\" class=\"comment-link\" >Leave a comment<\/a><\/div>\n\t<div class=\"entry-excerpt\"><p>En cualquier evento, las medidas de seguridad son imprescindibles para tratar de evitar problemas. La valla antiavalancha o antip\u00e1nico es un elemento de seguridad fundamental para evitar determinados incidentes en grandes concentraciones de p\u00fablico. En el dise\u00f1o del plan de seguridad de eventos como conciertos o festivales en los que se contemple una importante aglomeraci\u00f3n&hellip;<\/p>\n<\/div>\n\t<a href=\"http:\/\/montaketak.com\/en\/como-dormir-tranquilo\/\" class=\"post-details details-type-link\" rel=\"nofollow\">Read more<i class=\"fa fa-caret-right\" aria-hidden=\"true\"><\/i><\/a>\n<\/div><\/article><\/div><div class=\"visible wf-cell\" data-post-id=\"4361\" data-date=\"2020-01-30T08:50:40+01:00\" data-name=\"NUEVO PUENTE SAN IGNACIO-ZORROZAURRE 2020\"><article class=\"post project-odd visible post-4361 type-post status-publish format-standard has-post-thumbnail hentry category-industrial category-89\" data-name=\"NUEVO PUENTE SAN IGNACIO-ZORROZAURRE 2020\" data-date=\"2020-01-30T08:50:40+01:00\">\n\n<div class=\"post-thumbnail-wrap\">\n\t<div class=\"post-thumbnail\">\n\t\t\n\t\t\n\t\t<a href=\"http:\/\/montaketak.com\/en\/nuevo-puente-san-ignacio-zorrozaurre\/\" class=\"post-thumbnail-rollover layzr-bg\" ><img loading=\"lazy\" decoding=\"async\" class=\"iso-lazy-load preload-me\" src=\"data:image\/svg+xml,%3Csvg%20xmlns%3D&#39;http%3A%2F%2Fwww.w3.org%2F2000%2Fsvg&#39;%20viewBox%3D&#39;0%200%20668%20445&#39;%2F%3E\" data-src=\"http:\/\/montaketak.com\/wp-content\/uploads\/2020\/01\/puente-zorrozaurre-668x445.jpg\" data-srcset=\"http:\/\/montaketak.com\/wp-content\/uploads\/2020\/01\/puente-zorrozaurre-668x445.jpg 668w, http:\/\/montaketak.com\/wp-content\/uploads\/2020\/01\/puente-zorrozaurre-675x450.jpg 675w\" alt=\"\" title=\"Puente Zorrozaurre\" width=\"668\" height=\"445\"  \/><\/a>\t<\/div>\n<\/div>\n\n\n<div class=\"post-entry-content\">\n\n\t<h3 class=\"entry-title\">\n\t\t<a href=\"http:\/\/montaketak.com\/en\/nuevo-puente-san-ignacio-zorrozaurre\/\" title=\"NUEVO PUENTE SAN IGNACIO-ZORROZAURRE 2020\" rel=\"bookmark\">NUEVO PUENTE SAN IGNACIO-ZORROZAURRE 2020<\/a>\n\t<\/h3>\n\n\t<div class=\"entry-meta\"><span class=\"category-link\"><a href=\"http:\/\/montaketak.com\/category\/industrial\/\" >Industrial<\/a><\/span><a class=\"author vcard\" href=\"http:\/\/montaketak.com\/en\/author\/montaketak\/\" title=\"View all posts by Montaketak\" rel=\"author\">By <span class=\"fn\">Montaketak<\/span><\/a><a href=\"http:\/\/montaketak.com\/en\/2020\/01\/30\/\" title=\"8:50 am\" class=\"data-link\" rel=\"bookmark\"><time class=\"entry-date updated\" datetime=\"2020-01-30T08:50:40+01:00\">30 January, 2020<\/time><\/a><a href=\"http:\/\/montaketak.com\/en\/nuevo-puente-san-ignacio-zorrozaurre\/#respond\" class=\"comment-link\" >Leave a comment<\/a><\/div>\n\t<div class=\"entry-excerpt\"><p>Montaketak, crea la estructura temporal que se utiliza como observatorio de todo el proceso de las obras del puente que unir\u00e1 el barrio de San Ignacio con Zorrotzaurre, el segundo que se construye para conectar con la isla creada en la r\u00eda de Bilbao.\u00a0 El puente de San Ignacio, que ser\u00e1 una prolongaci\u00f3n de la&hellip;<\/p>\n<\/div>\n\t<a href=\"http:\/\/montaketak.com\/en\/nuevo-puente-san-ignacio-zorrozaurre\/\" class=\"post-details details-type-link\" rel=\"nofollow\">Read more<i class=\"fa fa-caret-right\" aria-hidden=\"true\"><\/i><\/a>\n<\/div><\/article><\/div><div class=\"visible wf-cell\" data-post-id=\"4355\" data-date=\"2019-11-05T07:51:34+01:00\" data-name=\"ASAMBLEA ATHLETIC CLUB 2019\"><article class=\"post project-odd visible post-4355 type-post status-publish format-standard has-post-thumbnail hentry category-montajes-eventos category-35\" data-name=\"ASAMBLEA ATHLETIC CLUB 2019\" data-date=\"2019-11-05T07:51:34+01:00\">\n\n<div class=\"post-thumbnail-wrap\">\n\t<div class=\"post-thumbnail\">\n\t\t\n\t\t\n\t\t<a href=\"http:\/\/montaketak.com\/en\/asamblea-athletic-club-2019\/\" class=\"post-thumbnail-rollover layzr-bg\" ><img loading=\"lazy\" decoding=\"async\" class=\"iso-lazy-load preload-me\" src=\"data:image\/svg+xml,%3Csvg%20xmlns%3D&#39;http%3A%2F%2Fwww.w3.org%2F2000%2Fsvg&#39;%20viewBox%3D&#39;0%200%20668%20445&#39;%2F%3E\" data-src=\"http:\/\/montaketak.com\/wp-content\/uploads\/2019\/10\/athletic-668x445.jpg\" data-srcset=\"http:\/\/montaketak.com\/wp-content\/uploads\/2019\/10\/athletic-668x445.jpg 668w, http:\/\/montaketak.com\/wp-content\/uploads\/2019\/10\/athletic-675x450.jpg 675w\" alt=\"\" title=\"Athletic\" width=\"668\" height=\"445\"  \/><\/a>\t<\/div>\n<\/div>\n\n\n<div class=\"post-entry-content\">\n\n\t<h3 class=\"entry-title\">\n\t\t<a href=\"http:\/\/montaketak.com\/en\/asamblea-athletic-club-2019\/\" title=\"ASAMBLEA ATHLETIC CLUB 2019\" rel=\"bookmark\">ASAMBLEA ATHLETIC CLUB 2019<\/a>\n\t<\/h3>\n\n\t<div class=\"entry-meta\"><span class=\"category-link\"><a href=\"http:\/\/montaketak.com\/category\/montajes-eventos\/\" >Montajes eventos<\/a><\/span><a class=\"author vcard\" href=\"http:\/\/montaketak.com\/en\/author\/montaketak\/\" title=\"View all posts by Montaketak\" rel=\"author\">By <span class=\"fn\">Montaketak<\/span><\/a><a href=\"http:\/\/montaketak.com\/en\/2019\/11\/05\/\" title=\"7:51 am\" class=\"data-link\" rel=\"bookmark\"><time class=\"entry-date updated\" datetime=\"2019-11-05T07:51:34+01:00\">5 November, 2019<\/time><\/a><a href=\"http:\/\/montaketak.com\/en\/asamblea-athletic-club-2019\/#respond\" class=\"comment-link\" >Leave a comment<\/a><\/div>\n\t<div class=\"entry-excerpt\"><p>Las estructuras de Montaketak asisten a la primera Asamblea de Compromisarios con Aitor Elizegi como presidente. Las cuentas presentadas son compartidas puesto que hasta diciembre se gestionaron por el grupo directivo de Urrutia. Nuestro sentimiento athleticzale hace que nos sintamos orgullosos de participar en el dise\u00f1o de la Asamblea. &nbsp;<\/p>\n<\/div>\n\t<a href=\"http:\/\/montaketak.com\/en\/asamblea-athletic-club-2019\/\" class=\"post-details details-type-link\" rel=\"nofollow\">Read more<i class=\"fa fa-caret-right\" aria-hidden=\"true\"><\/i><\/a>\n<\/div><\/article><\/div><div class=\"visible wf-cell\" data-post-id=\"4257\" data-date=\"2019-10-22T12:55:41+02:00\" data-name=\"RED BULL CLIFF DIVING BILBAO 2019\"><article class=\"post project-odd visible post-4257 type-post status-publish format-standard has-post-thumbnail hentry category-montajes-eventos category-35\" data-name=\"RED BULL CLIFF DIVING BILBAO 2019\" data-date=\"2019-10-22T12:55:41+02:00\">\n\n<div class=\"post-thumbnail-wrap\">\n\t<div class=\"post-thumbnail\">\n\t\t\n\t\t\n\t\t<a href=\"http:\/\/montaketak.com\/en\/red-bull-cliff-diving-bilbao-2019\/\" class=\"post-thumbnail-rollover layzr-bg\" ><img loading=\"lazy\" decoding=\"async\" class=\"iso-lazy-load preload-me\" src=\"data:image\/svg+xml,%3Csvg%20xmlns%3D&#39;http%3A%2F%2Fwww.w3.org%2F2000%2Fsvg&#39;%20viewBox%3D&#39;0%200%20668%20445&#39;%2F%3E\" data-src=\"http:\/\/montaketak.com\/wp-content\/uploads\/2019\/10\/saltos_red_bull_cliff_diving_2019_009-668x445.jpg\" data-srcset=\"http:\/\/montaketak.com\/wp-content\/uploads\/2019\/10\/saltos_red_bull_cliff_diving_2019_009-668x445.jpg 668w, http:\/\/montaketak.com\/wp-content\/uploads\/2019\/10\/saltos_red_bull_cliff_diving_2019_009-675x450.jpg 675w\" alt=\"\" title=\"saltos_red_bull_cliff_diving_2019_009\" width=\"668\" height=\"445\"  \/><\/a>\t<\/div>\n<\/div>\n\n\n<div class=\"post-entry-content\">\n\n\t<h3 class=\"entry-title\">\n\t\t<a href=\"http:\/\/montaketak.com\/en\/red-bull-cliff-diving-bilbao-2019\/\" title=\"RED BULL CLIFF DIVING BILBAO 2019\" rel=\"bookmark\">RED BULL CLIFF DIVING BILBAO 2019<\/a>\n\t<\/h3>\n\n\t<div class=\"entry-meta\"><span class=\"category-link\"><a href=\"http:\/\/montaketak.com\/category\/montajes-eventos\/\" >Montajes eventos<\/a><\/span><a class=\"author vcard\" href=\"http:\/\/montaketak.com\/en\/author\/montaketak\/\" title=\"View all posts by Montaketak\" rel=\"author\">By <span class=\"fn\">Montaketak<\/span><\/a><a href=\"http:\/\/montaketak.com\/en\/2019\/10\/22\/\" title=\"12:55 pm\" class=\"data-link\" rel=\"bookmark\"><time class=\"entry-date updated\" datetime=\"2019-10-22T12:55:41+02:00\">22 October, 2019<\/time><\/a><a href=\"http:\/\/montaketak.com\/en\/red-bull-cliff-diving-bilbao-2019\/#respond\" class=\"comment-link\" >Leave a comment<\/a><\/div>\n\t<div class=\"entry-excerpt\"><p>Los saltos Red Bull repiten junto al Guggenheim el 14 de septiembre, como escenario de la prueba final y por primera vez con presencia femenina. Una de las competiciones deportivas m\u00e1s extremas que ha pasado por la villa, los saltos Red Bull,\u00a0 desde el puente de La Salve. Fue el d\u00eda 14 de septiembre cuando&hellip;<\/p>\n<\/div>\n\t<a href=\"http:\/\/montaketak.com\/en\/red-bull-cliff-diving-bilbao-2019\/\" class=\"post-details details-type-link\" rel=\"nofollow\">Read more<i class=\"fa fa-caret-right\" aria-hidden=\"true\"><\/i><\/a>\n<\/div><\/article><\/div><div class=\"visible wf-cell\" data-post-id=\"4250\" data-date=\"2019-10-22T12:42:57+02:00\" data-name=\"ANIMADEBA 2019\"><article class=\"post project-odd visible post-4250 type-post status-publish format-standard has-post-thumbnail hentry category-montajes-eventos category-35\" data-name=\"ANIMADEBA 2019\" data-date=\"2019-10-22T12:42:57+02:00\">\n\n<div class=\"post-thumbnail-wrap\">\n\t<div class=\"post-thumbnail\">\n\t\t\n\t\t\n\t\t<a href=\"http:\/\/montaketak.com\/en\/animadeba-2019\/\" class=\"post-thumbnail-rollover layzr-bg\" ><img loading=\"lazy\" decoding=\"async\" class=\"iso-lazy-load preload-me\" src=\"data:image\/svg+xml,%3Csvg%20xmlns%3D&#39;http%3A%2F%2Fwww.w3.org%2F2000%2Fsvg&#39;%20viewBox%3D&#39;0%200%20668%20445&#39;%2F%3E\" data-src=\"http:\/\/montaketak.com\/wp-content\/uploads\/2019\/10\/maxresdefault-668x445.jpg\" data-srcset=\"http:\/\/montaketak.com\/wp-content\/uploads\/2019\/10\/maxresdefault-668x445.jpg 668w, http:\/\/montaketak.com\/wp-content\/uploads\/2019\/10\/maxresdefault-1002x668.jpg 1002w\" alt=\"\" title=\"maxresdefault\" width=\"668\" height=\"445\"  \/><\/a>\t<\/div>\n<\/div>\n\n\n<div class=\"post-entry-content\">\n\n\t<h3 class=\"entry-title\">\n\t\t<a href=\"http:\/\/montaketak.com\/en\/animadeba-2019\/\" title=\"ANIMADEBA 2019\" rel=\"bookmark\">ANIMADEBA 2019<\/a>\n\t<\/h3>\n\n\t<div class=\"entry-meta\"><span class=\"category-link\"><a href=\"http:\/\/montaketak.com\/category\/montajes-eventos\/\" >Montajes eventos<\/a><\/span><a class=\"author vcard\" href=\"http:\/\/montaketak.com\/en\/author\/montaketak\/\" title=\"View all posts by Montaketak\" rel=\"author\">By <span class=\"fn\">Montaketak<\/span><\/a><a href=\"http:\/\/montaketak.com\/en\/2019\/10\/22\/\" title=\"12:42 pm\" class=\"data-link\" rel=\"bookmark\"><time class=\"entry-date updated\" datetime=\"2019-10-22T12:42:57+02:00\">22 October, 2019<\/time><\/a><a href=\"http:\/\/montaketak.com\/en\/animadeba-2019\/#respond\" class=\"comment-link\" >Leave a comment<\/a><\/div>\n\t<div class=\"entry-excerpt\"><p>La localidad costera de Deba acogi\u00f3 del 19 al 23 de junio de este a\u00f1o la primera edici\u00f3n del Festival Internacional de Cine de Animaci\u00f3n Animadeba; un evento que premia los mejores cortometrajes de animaci\u00f3n de las dos categor\u00edas de las que const\u00f3 el certamen (Secci\u00f3n Oficial y Secci\u00f3n de J\u00f3venes realizadores). La idea de&hellip;<\/p>\n<\/div>\n\t<a href=\"http:\/\/montaketak.com\/en\/animadeba-2019\/\" class=\"post-details details-type-link\" rel=\"nofollow\">Read more<i class=\"fa fa-caret-right\" aria-hidden=\"true\"><\/i><\/a>\n<\/div><\/article><\/div><div class=\"visible wf-cell\" data-post-id=\"4244\" data-date=\"2019-10-22T12:29:56+02:00\" data-name=\"&quot;AHOTSAK&quot; ETB 2019\"><article class=\"post project-odd visible post-4244 type-post status-publish format-standard has-post-thumbnail hentry category-montajes-eventos category-35\" data-name=\"&#8220;AHOTSAK&#8221; ETB 2019\" data-date=\"2019-10-22T12:29:56+02:00\">\n\n<div class=\"post-thumbnail-wrap\">\n\t<div class=\"post-thumbnail\">\n\t\t\n\t\t\n\t\t<a href=\"http:\/\/montaketak.com\/en\/4244\/\" class=\"post-thumbnail-rollover layzr-bg\" ><img loading=\"lazy\" decoding=\"async\" class=\"iso-lazy-load preload-me\" src=\"data:image\/svg+xml,%3Csvg%20xmlns%3D&#39;http%3A%2F%2Fwww.w3.org%2F2000%2Fsvg&#39;%20viewBox%3D&#39;0%200%20668%20445&#39;%2F%3E\" data-src=\"http:\/\/montaketak.com\/wp-content\/uploads\/2019\/10\/ahotsak-668x445.jpg\" data-srcset=\"http:\/\/montaketak.com\/wp-content\/uploads\/2019\/10\/ahotsak-668x445.jpg 668w, http:\/\/montaketak.com\/wp-content\/uploads\/2019\/10\/ahotsak-673x449.jpg 673w\" alt=\"\" title=\"Ahotsak\" width=\"668\" height=\"445\"  \/><\/a>\t<\/div>\n<\/div>\n\n\n<div class=\"post-entry-content\">\n\n\t<h3 class=\"entry-title\">\n\t\t<a href=\"http:\/\/montaketak.com\/en\/4244\/\" title=\"&#8220;AHOTSAK&#8221; ETB 2019\" rel=\"bookmark\">&#8220;AHOTSAK&#8221; ETB 2019<\/a>\n\t<\/h3>\n\n\t<div class=\"entry-meta\"><span class=\"category-link\"><a href=\"http:\/\/montaketak.com\/category\/montajes-eventos\/\" >Montajes eventos<\/a><\/span><a class=\"author vcard\" href=\"http:\/\/montaketak.com\/en\/author\/montaketak\/\" title=\"View all posts by Montaketak\" rel=\"author\">By <span class=\"fn\">Montaketak<\/span><\/a><a href=\"http:\/\/montaketak.com\/en\/2019\/10\/22\/\" title=\"12:29 pm\" class=\"data-link\" rel=\"bookmark\"><time class=\"entry-date updated\" datetime=\"2019-10-22T12:29:56+02:00\">22 October, 2019<\/time><\/a><a href=\"http:\/\/montaketak.com\/en\/4244\/#respond\" class=\"comment-link\" >Leave a comment<\/a><\/div>\n\t<div class=\"entry-excerpt\"><p>Programa producido por la productora Baleuko y ETB compiten tres coros en diferentes parajes de Euskal Herria: Elorrio, Bermeo, Gasteiz, Zarautz, Lizarra, Ordizia, Lekeitio y Hernani. Conducido por Julian Iantzi y acompa\u00f1ado por el experto musical\u00a0Hibai Etxebarria. En total participaron 24 coros. Los ganadores de los ochos programas se reunieron en la final que se&hellip;<\/p>\n<\/div>\n\t<a href=\"http:\/\/montaketak.com\/en\/4244\/\" class=\"post-details details-type-link\" rel=\"nofollow\">Read more<i class=\"fa fa-caret-right\" aria-hidden=\"true\"><\/i><\/a>\n<\/div><\/article><\/div><div class=\"visible wf-cell\" data-post-id=\"4235\" data-date=\"2019-10-22T12:15:49+02:00\" data-name=\"OPERA MENDI MENDIYAN 2019\"><article class=\"post project-odd visible post-4235 type-post status-publish format-standard has-post-thumbnail hentry category-montajes-eventos tag-montajes category-35\" data-name=\"OPERA MENDI MENDIYAN 2019\" data-date=\"2019-10-22T12:15:49+02:00\">\n\n<div class=\"post-thumbnail-wrap\">\n\t<div class=\"post-thumbnail\">\n\t\t\n\t\t\n\t\t<a href=\"http:\/\/montaketak.com\/en\/opera-mendi-mendiyan-2019\/\" class=\"post-thumbnail-rollover layzr-bg\" ><img loading=\"lazy\" decoding=\"async\" class=\"iso-lazy-load preload-me\" src=\"data:image\/svg+xml,%3Csvg%20xmlns%3D&#39;http%3A%2F%2Fwww.w3.org%2F2000%2Fsvg&#39;%20viewBox%3D&#39;0%200%20330%20219&#39;%2F%3E\" data-src=\"http:\/\/montaketak.com\/wp-content\/uploads\/2019\/10\/bos_mendi_mendiyan-355x220-330x219.jpg\" data-srcset=\"http:\/\/montaketak.com\/wp-content\/uploads\/2019\/10\/bos_mendi_mendiyan-355x220-330x219.jpg 330w, http:\/\/montaketak.com\/wp-content\/uploads\/2019\/10\/bos_mendi_mendiyan-355x220-330x220.jpg 330w\" alt=\"\" title=\"BOS_MENDI_MENDIYAN-355&#215;220\" width=\"330\" height=\"219\"  \/><\/a>\t<\/div>\n<\/div>\n\n\n<div class=\"post-entry-content\">\n\n\t<h3 class=\"entry-title\">\n\t\t<a href=\"http:\/\/montaketak.com\/en\/opera-mendi-mendiyan-2019\/\" title=\"OPERA MENDI MENDIYAN 2019\" rel=\"bookmark\">OPERA MENDI MENDIYAN 2019<\/a>\n\t<\/h3>\n\n\t<div class=\"entry-meta\"><span class=\"category-link\"><a href=\"http:\/\/montaketak.com\/category\/montajes-eventos\/\" >Montajes eventos<\/a><\/span><a class=\"author vcard\" href=\"http:\/\/montaketak.com\/en\/author\/montaketak\/\" title=\"View all posts by Montaketak\" rel=\"author\">By <span class=\"fn\">Montaketak<\/span><\/a><a href=\"http:\/\/montaketak.com\/en\/2019\/10\/22\/\" title=\"12:15 pm\" class=\"data-link\" rel=\"bookmark\"><time class=\"entry-date updated\" datetime=\"2019-10-22T12:15:49+02:00\">22 October, 2019<\/time><\/a><a href=\"http:\/\/montaketak.com\/en\/opera-mendi-mendiyan-2019\/#respond\" class=\"comment-link\" >Leave a comment<\/a><\/div>\n\t<div class=\"entry-excerpt\"><p>Mendi-Mendiyan\u00a0fue el primer trabajo l\u00edrico de Usandizaga, una \u00f3pera encargada por la Sociedad Coral de Bilbao en 1909 y estrenada el 21 de mayo de 1910 en el Teatro Campos Eliseos, con enorme \u00e9xito. La primera representaci\u00f3n en el Teatro Arriaga de la que se tiene constancia es de finales de mayo de 1911. En&hellip;<\/p>\n<\/div>\n\t<a href=\"http:\/\/montaketak.com\/en\/opera-mendi-mendiyan-2019\/\" class=\"post-details details-type-link\" rel=\"nofollow\">Read more<i class=\"fa fa-caret-right\" aria-hidden=\"true\"><\/i><\/a>\n<\/div><\/article><\/div><div class=\"visible wf-cell\" data-post-id=\"4186\" data-date=\"2019-05-14T09:33:59+02:00\" data-name=\"EUSKALDUNA - BERET 2019\"><article class=\"post project-odd visible post-4186 type-post status-publish format-standard has-post-thumbnail hentry category-montajes-eventos category-35\" data-name=\"EUSKALDUNA &#8211; BERET 2019\" data-date=\"2019-05-14T09:33:59+02:00\">\n\n<div class=\"post-thumbnail-wrap\">\n\t<div class=\"post-thumbnail\">\n\t\t\n\t\t\n\t\t<a href=\"http:\/\/montaketak.com\/en\/beret-2019-euskalduna-jauregia\/\" class=\"post-thumbnail-rollover layzr-bg\" ><img loading=\"lazy\" decoding=\"async\" class=\"iso-lazy-load preload-me\" src=\"data:image\/svg+xml,%3Csvg%20xmlns%3D&#39;http%3A%2F%2Fwww.w3.org%2F2000%2Fsvg&#39;%20viewBox%3D&#39;0%200%20668%20445&#39;%2F%3E\" data-src=\"http:\/\/montaketak.com\/wp-content\/uploads\/2019\/05\/beret-668x445.jpg\" data-srcset=\"http:\/\/montaketak.com\/wp-content\/uploads\/2019\/05\/beret-668x445.jpg 668w, http:\/\/montaketak.com\/wp-content\/uploads\/2019\/05\/beret-1002x668.jpg 1002w\" alt=\"\" title=\"BERET\" width=\"668\" height=\"445\"  \/><\/a>\t<\/div>\n<\/div>\n\n\n<div class=\"post-entry-content\">\n\n\t<h3 class=\"entry-title\">\n\t\t<a href=\"http:\/\/montaketak.com\/en\/beret-2019-euskalduna-jauregia\/\" title=\"EUSKALDUNA &#8211; BERET 2019\" rel=\"bookmark\">EUSKALDUNA &#8211; BERET 2019<\/a>\n\t<\/h3>\n\n\t<div class=\"entry-meta\"><span class=\"category-link\"><a href=\"http:\/\/montaketak.com\/category\/montajes-eventos\/\" >Montajes eventos<\/a><\/span><a class=\"author vcard\" href=\"http:\/\/montaketak.com\/en\/author\/montaketak\/\" title=\"View all posts by Montaketak\" rel=\"author\">By <span class=\"fn\">Montaketak<\/span><\/a><a href=\"http:\/\/montaketak.com\/en\/2019\/05\/14\/\" title=\"9:33 am\" class=\"data-link\" rel=\"bookmark\"><time class=\"entry-date updated\" datetime=\"2019-05-14T09:33:59+02:00\">14 May, 2019<\/time><\/a><a href=\"http:\/\/montaketak.com\/en\/beret-2019-euskalduna-jauregia\/#respond\" class=\"comment-link\" >Leave a comment<\/a><\/div>\n\t<div class=\"entry-excerpt\"><p>Francisco Javier \u00c1lvarez Beret, mejor conocido como\u00a0Beret, es sin lugar a dudas uno de los fen\u00f3menos musicales m\u00e1s sonados del momento. En un tiempo r\u00e9cord, conquista Espa\u00f1a y pa\u00edses hispanoamericanos a partes iguales con sorprendente rapidez. Su futuro no es una inc\u00f3gnita. Est\u00e1 condenado al \u00e9xito de manera inevitable. El primer single que edita a&hellip;<\/p>\n<\/div>\n\t<a href=\"http:\/\/montaketak.com\/en\/beret-2019-euskalduna-jauregia\/\" class=\"post-details details-type-link\" rel=\"nofollow\">Read more<i class=\"fa fa-caret-right\" aria-hidden=\"true\"><\/i><\/a>\n<\/div><\/article><\/div><div class=\"visible wf-cell\" data-post-id=\"4162\" data-date=\"2019-04-03T08:53:11+02:00\" data-name=\"EUSKALDUNA - MUSIKA MUSICA 2019\"><article class=\"post project-odd visible post-4162 type-post status-publish format-standard has-post-thumbnail hentry category-montajes-eventos category-35\" data-name=\"EUSKALDUNA &#8211; MUSIKA MUSICA 2019\" data-date=\"2019-04-03T08:53:11+02:00\">\n\n<div class=\"post-thumbnail-wrap\">\n\t<div class=\"post-thumbnail\">\n\t\t\n\t\t\n\t\t<a href=\"http:\/\/montaketak.com\/en\/euskalduna-musika-musica-2019\/\" class=\"post-thumbnail-rollover layzr-bg\" ><img loading=\"lazy\" decoding=\"async\" class=\"iso-lazy-load preload-me\" src=\"data:image\/svg+xml,%3Csvg%20xmlns%3D&#39;http%3A%2F%2Fwww.w3.org%2F2000%2Fsvg&#39;%20viewBox%3D&#39;0%200%20668%20445&#39;%2F%3E\" data-src=\"http:\/\/montaketak.com\/wp-content\/uploads\/2019\/04\/musika-musica-668x445.jpg\" data-srcset=\"http:\/\/montaketak.com\/wp-content\/uploads\/2019\/04\/musika-musica-668x445.jpg 668w, http:\/\/montaketak.com\/wp-content\/uploads\/2019\/04\/musika-musica-675x450.jpg 675w\" alt=\"\" title=\"Musika Musica\" width=\"668\" height=\"445\"  \/><\/a>\t<\/div>\n<\/div>\n\n\n<div class=\"post-entry-content\">\n\n\t<h3 class=\"entry-title\">\n\t\t<a href=\"http:\/\/montaketak.com\/en\/euskalduna-musika-musica-2019\/\" title=\"EUSKALDUNA &#8211; MUSIKA MUSICA 2019\" rel=\"bookmark\">EUSKALDUNA &#8211; MUSIKA MUSICA 2019<\/a>\n\t<\/h3>\n\n\t<div class=\"entry-meta\"><span class=\"category-link\"><a href=\"http:\/\/montaketak.com\/category\/montajes-eventos\/\" >Montajes eventos<\/a><\/span><a class=\"author vcard\" href=\"http:\/\/montaketak.com\/en\/author\/montaketak\/\" title=\"View all posts by Montaketak\" rel=\"author\">By <span class=\"fn\">Montaketak<\/span><\/a><a href=\"http:\/\/montaketak.com\/en\/2019\/04\/03\/\" title=\"8:53 am\" class=\"data-link\" rel=\"bookmark\"><time class=\"entry-date updated\" datetime=\"2019-04-03T08:53:11+02:00\">3 April, 2019<\/time><\/a><a href=\"http:\/\/montaketak.com\/en\/euskalduna-musika-musica-2019\/#respond\" class=\"comment-link\" >Leave a comment<\/a><\/div>\n\t<div class=\"entry-excerpt\"><p>La Fundaci\u00f3n Bilbao 700 cerr\u00f3 la XVIII edici\u00f3n del festival Musika M\u00fasica 2019, dedicado este a\u00f1o a Londres y Nueva York, con cifras r\u00e9cords de p\u00fablico. Y es que cerca de 30.000 espectadores pasaron durante ese fin de semana por el Euskalduna para vibrar con los 1.500 m\u00fasicos que han participado durante tres d\u00edas en&hellip;<\/p>\n<\/div>\n\t<a href=\"http:\/\/montaketak.com\/en\/euskalduna-musika-musica-2019\/\" class=\"post-details details-type-link\" rel=\"nofollow\">Read more<i class=\"fa fa-caret-right\" aria-hidden=\"true\"><\/i><\/a>\n<\/div><\/article><\/div><div class=\"visible wf-cell\" data-post-id=\"4152\" data-date=\"2019-04-03T08:25:33+02:00\" data-name=\"KERMAN PIERDE EL EUROPEO WELTER 2019\"><article class=\"post project-odd visible post-4152 type-post status-publish format-standard has-post-thumbnail hentry category-montajes-eventos category-35\" data-name=\"KERMAN PIERDE EL EUROPEO WELTER 2019\" data-date=\"2019-04-03T08:25:33+02:00\">\n\n<div class=\"post-thumbnail-wrap\">\n\t<div class=\"post-thumbnail\">\n\t\t\n\t\t\n\t\t<a href=\"http:\/\/montaketak.com\/en\/kerman-pierde-el-europeo-welter-2019\/\" class=\"post-thumbnail-rollover layzr-bg\" ><img loading=\"lazy\" decoding=\"async\" class=\"iso-lazy-load preload-me\" src=\"data:image\/svg+xml,%3Csvg%20xmlns%3D&#39;http%3A%2F%2Fwww.w3.org%2F2000%2Fsvg&#39;%20viewBox%3D&#39;0%200%20668%20445&#39;%2F%3E\" data-src=\"http:\/\/montaketak.com\/wp-content\/uploads\/2019\/04\/boxeo-668x445.jpg\" data-srcset=\"http:\/\/montaketak.com\/wp-content\/uploads\/2019\/04\/boxeo-668x445.jpg 668w, http:\/\/montaketak.com\/wp-content\/uploads\/2019\/04\/boxeo-675x450.jpg 675w\" alt=\"\" title=\"Boxeo\" width=\"668\" height=\"445\"  \/><\/a>\t<\/div>\n<\/div>\n\n\n<div class=\"post-entry-content\">\n\n\t<h3 class=\"entry-title\">\n\t\t<a href=\"http:\/\/montaketak.com\/en\/kerman-pierde-el-europeo-welter-2019\/\" title=\"KERMAN PIERDE EL EUROPEO WELTER 2019\" rel=\"bookmark\">KERMAN PIERDE EL EUROPEO WELTER 2019<\/a>\n\t<\/h3>\n\n\t<div class=\"entry-meta\"><span class=\"category-link\"><a href=\"http:\/\/montaketak.com\/category\/montajes-eventos\/\" >Montajes eventos<\/a><\/span><a class=\"author vcard\" href=\"http:\/\/montaketak.com\/en\/author\/montaketak\/\" title=\"View all posts by Montaketak\" rel=\"author\">By <span class=\"fn\">Montaketak<\/span><\/a><a href=\"http:\/\/montaketak.com\/en\/2019\/04\/03\/\" title=\"8:25 am\" class=\"data-link\" rel=\"bookmark\"><time class=\"entry-date updated\" datetime=\"2019-04-03T08:25:33+02:00\">3 April, 2019<\/time><\/a><a href=\"http:\/\/montaketak.com\/en\/kerman-pierde-el-europeo-welter-2019\/#respond\" class=\"comment-link\" >Leave a comment<\/a><\/div>\n\t<div class=\"entry-excerpt\"><p>Inesperado, porque est\u00e1bamos muy mal acostumbrados. Pero la derrota acaba tarde o temprano citando a un boxeador profesional. Y Kerman Lejarraga, desde ayer, no es una excepci\u00f3n.\u00a0El escenario, el ambiente, un p\u00fablico al borde del colapso, un curr\u00edculo inmaculado, los brazos abiertos al otro lado del Atl\u00e1ntico, las apuestas casi cinco a uno a su&hellip;<\/p>\n<\/div>\n\t<a href=\"http:\/\/montaketak.com\/en\/kerman-pierde-el-europeo-welter-2019\/\" class=\"post-details details-type-link\" rel=\"nofollow\">Read more<i class=\"fa fa-caret-right\" aria-hidden=\"true\"><\/i><\/a>\n<\/div><\/article><\/div><div class=\"visible wf-cell\" data-post-id=\"4115\" data-date=\"2019-01-08T16:03:17+01:00\" data-name=\"BILBAO ARENA - PABLO LOPEZ 2018\"><article class=\"post project-odd visible post-4115 type-post status-publish format-standard has-post-thumbnail hentry category-montajes-eventos category-35\" data-name=\"BILBAO ARENA &#8211; PABLO LOPEZ 2018\" data-date=\"2019-01-08T16:03:17+01:00\">\n\n<div class=\"post-thumbnail-wrap\">\n\t<div class=\"post-thumbnail\">\n\t\t\n\t\t\n\t\t<a href=\"http:\/\/montaketak.com\/en\/bilbao-arena-pablo-lopez\/\" class=\"post-thumbnail-rollover layzr-bg\" ><img loading=\"lazy\" decoding=\"async\" class=\"iso-lazy-load preload-me\" src=\"data:image\/svg+xml,%3Csvg%20xmlns%3D&#39;http%3A%2F%2Fwww.w3.org%2F2000%2Fsvg&#39;%20viewBox%3D&#39;0%200%20668%20445&#39;%2F%3E\" data-src=\"http:\/\/montaketak.com\/wp-content\/uploads\/2019\/01\/37-668x445.jpg\" data-srcset=\"http:\/\/montaketak.com\/wp-content\/uploads\/2019\/01\/37-668x445.jpg 668w, http:\/\/montaketak.com\/wp-content\/uploads\/2019\/01\/37-1002x668.jpg 1002w\" alt=\"\" title=\"Pablo lopez &#8211; Miribilla\" width=\"668\" height=\"445\"  \/><\/a>\t<\/div>\n<\/div>\n\n\n<div class=\"post-entry-content\">\n\n\t<h3 class=\"entry-title\">\n\t\t<a href=\"http:\/\/montaketak.com\/en\/bilbao-arena-pablo-lopez\/\" title=\"BILBAO ARENA &#8211; PABLO LOPEZ 2018\" rel=\"bookmark\">BILBAO ARENA &#8211; PABLO LOPEZ 2018<\/a>\n\t<\/h3>\n\n\t<div class=\"entry-meta\"><span class=\"category-link\"><a href=\"http:\/\/montaketak.com\/category\/montajes-eventos\/\" >Montajes eventos<\/a><\/span><a class=\"author vcard\" href=\"http:\/\/montaketak.com\/en\/author\/montaketak\/\" title=\"View all posts by Montaketak\" rel=\"author\">By <span class=\"fn\">Montaketak<\/span><\/a><a href=\"http:\/\/montaketak.com\/en\/2019\/01\/08\/\" title=\"4:03 pm\" class=\"data-link\" rel=\"bookmark\"><time class=\"entry-date updated\" datetime=\"2019-01-08T16:03:17+01:00\">8 January, 2019<\/time><\/a><a href=\"http:\/\/montaketak.com\/en\/bilbao-arena-pablo-lopez\/#respond\" class=\"comment-link\" >Leave a comment<\/a><\/div>\n\t<div class=\"entry-excerpt\"><p>El pasado S\u00e1bado 22 de Diciembre, el m\u00fasico&nbsp;Pablo L\u00f3pez&nbsp;acudi\u00f3 por segunda vez a Bilbao dentro de su gira nacional \u201cSanta Libertad\u201d. Esta vez el concierto se celebr\u00f3 en un recinto diferente al de su anterior cita en la capital bizkaina, optando por el Bilbao Arena de Miribilla sobre ESCENARIO DE MONTAKETAK. Como es normal en&hellip;<\/p>\n<\/div>\n\t<a href=\"http:\/\/montaketak.com\/en\/bilbao-arena-pablo-lopez\/\" class=\"post-details details-type-link\" rel=\"nofollow\">Read more<i class=\"fa fa-caret-right\" aria-hidden=\"true\"><\/i><\/a>\n<\/div><\/article><\/div><div class=\"visible wf-cell\" data-post-id=\"3900\" data-date=\"2018-10-25T10:09:19+02:00\" data-name=\"EDP BILBAO NIGHT MARATHON 2018\"><article class=\"post project-odd visible post-3900 type-post status-publish format-standard has-post-thumbnail hentry category-montajes-eventos category-35\" data-name=\"EDP BILBAO NIGHT MARATHON 2018\" data-date=\"2018-10-25T10:09:19+02:00\">\n\n<div class=\"post-thumbnail-wrap\">\n\t<div class=\"post-thumbnail\">\n\t\t\n\t\t\n\t\t<a href=\"http:\/\/montaketak.com\/en\/edp-bilbao-night-marathon-2018\/\" class=\"post-thumbnail-rollover layzr-bg\" ><img loading=\"lazy\" decoding=\"async\" class=\"iso-lazy-load preload-me\" src=\"data:image\/svg+xml,%3Csvg%20xmlns%3D&#39;http%3A%2F%2Fwww.w3.org%2F2000%2Fsvg&#39;%20viewBox%3D&#39;0%200%20519%20346&#39;%2F%3E\" data-src=\"http:\/\/montaketak.com\/wp-content\/uploads\/2018\/10\/bilbao-night-maraton-b17846790_471_1-519x346.jpg\" data-srcset=\"http:\/\/montaketak.com\/wp-content\/uploads\/2018\/10\/bilbao-night-maraton-b17846790_471_1-519x346.jpg 519w\" alt=\"\" title=\"bilbao-night-maraton-b17846790_471_1\" width=\"519\" height=\"346\"  \/><\/a>\t<\/div>\n<\/div>\n\n\n<div class=\"post-entry-content\">\n\n\t<h3 class=\"entry-title\">\n\t\t<a href=\"http:\/\/montaketak.com\/en\/edp-bilbao-night-marathon-2018\/\" title=\"EDP BILBAO NIGHT MARATHON 2018\" rel=\"bookmark\">EDP BILBAO NIGHT MARATHON 2018<\/a>\n\t<\/h3>\n\n\t<div class=\"entry-meta\"><span class=\"category-link\"><a href=\"http:\/\/montaketak.com\/category\/montajes-eventos\/\" >Montajes eventos<\/a><\/span><a class=\"author vcard\" href=\"http:\/\/montaketak.com\/en\/author\/montaketak\/\" title=\"View all posts by Montaketak\" rel=\"author\">By <span class=\"fn\">Montaketak<\/span><\/a><a href=\"http:\/\/montaketak.com\/en\/2018\/10\/25\/\" title=\"10:09 am\" class=\"data-link\" rel=\"bookmark\"><time class=\"entry-date updated\" datetime=\"2018-10-25T10:09:19+02:00\">25 October, 2018<\/time><\/a><a href=\"http:\/\/montaketak.com\/en\/edp-bilbao-night-marathon-2018\/#respond\" class=\"comment-link\" >Leave a comment<\/a><\/div>\n\t<div class=\"entry-excerpt\"><p>\u00bfOs imagin\u00e1is recorrer las principales calles de&nbsp;Bilbao&nbsp;con actuaciones en directo y fuegos artificiales? Pueseso es lo que han vivido el&nbsp; 20 de octubre en Bilbao, por d\u00e9cimo a\u00f1o consecutivo en la&nbsp;EDP Bilbao Night Marathon. Sin duda, un acontecimiento lleno de espect\u00e1culo \u00fanico en Europa para los amantes del running. La prueba cuenta con tres distancias:&hellip;<\/p>\n<\/div>\n\t<a href=\"http:\/\/montaketak.com\/en\/edp-bilbao-night-marathon-2018\/\" class=\"post-details details-type-link\" rel=\"nofollow\">Read more<i class=\"fa fa-caret-right\" aria-hidden=\"true\"><\/i><\/a>\n<\/div><\/article><\/div><div class=\"visible wf-cell\" data-post-id=\"3892\" data-date=\"2018-10-24T16:20:43+02:00\" data-name=\"\u201cPatrimonio, herencia de mujer\u201d\"><article class=\"post project-odd visible post-3892 type-post status-publish format-standard has-post-thumbnail hentry category-montajes-eventos category-35\" data-name=\"\u201cPatrimonio, herencia de mujer\u201d\" data-date=\"2018-10-24T16:20:43+02:00\">\n\n<div class=\"post-thumbnail-wrap\">\n\t<div class=\"post-thumbnail\">\n\t\t\n\t\t\n\t\t<a href=\"http:\/\/montaketak.com\/en\/patrimonio-herencia-de-mujer\/\" class=\"post-thumbnail-rollover layzr-bg\" ><img loading=\"lazy\" decoding=\"async\" class=\"iso-lazy-load preload-me\" src=\"data:image\/svg+xml,%3Csvg%20xmlns%3D&#39;http%3A%2F%2Fwww.w3.org%2F2000%2Fsvg&#39;%20viewBox%3D&#39;0%200%20668%20445&#39;%2F%3E\" data-src=\"http:\/\/montaketak.com\/wp-content\/uploads\/2018\/10\/img_6690-668x445.jpg\" data-srcset=\"http:\/\/montaketak.com\/wp-content\/uploads\/2018\/10\/img_6690-668x445.jpg 668w, http:\/\/montaketak.com\/wp-content\/uploads\/2018\/10\/img_6690-1002x668.jpg 1002w\" alt=\"\" title=\"IMG_6690\" width=\"668\" height=\"445\"  \/><\/a>\t<\/div>\n<\/div>\n\n\n<div class=\"post-entry-content\">\n\n\t<h3 class=\"entry-title\">\n\t\t<a href=\"http:\/\/montaketak.com\/en\/patrimonio-herencia-de-mujer\/\" title=\"\u201cPatrimonio, herencia de mujer\u201d\" rel=\"bookmark\">\u201cPatrimonio, herencia de mujer\u201d<\/a>\n\t<\/h3>\n\n\t<div class=\"entry-meta\"><span class=\"category-link\"><a href=\"http:\/\/montaketak.com\/category\/montajes-eventos\/\" >Montajes eventos<\/a><\/span><a class=\"author vcard\" href=\"http:\/\/montaketak.com\/en\/author\/montaketak\/\" title=\"View all posts by Montaketak\" rel=\"author\">By <span class=\"fn\">Montaketak<\/span><\/a><a href=\"http:\/\/montaketak.com\/en\/2018\/10\/24\/\" title=\"4:20 pm\" class=\"data-link\" rel=\"bookmark\"><time class=\"entry-date updated\" datetime=\"2018-10-24T16:20:43+02:00\">24 October, 2018<\/time><\/a><a href=\"http:\/\/montaketak.com\/en\/patrimonio-herencia-de-mujer\/#respond\" class=\"comment-link\" >Leave a comment<\/a><\/div>\n\t<div class=\"entry-excerpt\"><p>Getxo se suma, un a\u00f1o m\u00e1s, a la celebraci\u00f3n de las Jornadas Europeas de Patrimonio promovidas por la Diputaci\u00f3n Foral de Bizkaia con el lema, en esta ocasi\u00f3n, de \u201cPatrimonio, herencia de mujer\u201d. Durante todo el mes de octubre se podr\u00e1 participar en actividades como exposiciones, charlas, degustaci\u00f3n de productos locales, rutas guiadas a pie,&hellip;<\/p>\n<\/div>\n\t<a href=\"http:\/\/montaketak.com\/en\/patrimonio-herencia-de-mujer\/\" class=\"post-details details-type-link\" rel=\"nofollow\">Read more<i class=\"fa fa-caret-right\" aria-hidden=\"true\"><\/i><\/a>\n<\/div><\/article><\/div><div class=\"visible wf-cell\" data-post-id=\"3676\" data-date=\"2018-08-07T13:53:52+02:00\" data-name=\"III EDICION FESTIVAL DE LA MONTA\u00d1A RIA\u00d1O 2018\"><article class=\"post project-odd visible post-3676 type-post status-publish format-standard has-post-thumbnail hentry category-montajes-eventos category-35\" data-name=\"III EDICION FESTIVAL DE LA MONTA\u00d1A RIA\u00d1O 2018\" data-date=\"2018-08-07T13:53:52+02:00\">\n\n<div class=\"post-thumbnail-wrap\">\n\t<div class=\"post-thumbnail\">\n\t\t\n\t\t\n\t\t<a href=\"http:\/\/montaketak.com\/en\/iii-edicion-festival-de-la-montana-riano-2018\/\" class=\"post-thumbnail-rollover layzr-bg\" ><img loading=\"lazy\" decoding=\"async\" class=\"iso-lazy-load preload-me\" src=\"data:image\/svg+xml,%3Csvg%20xmlns%3D&#39;http%3A%2F%2Fwww.w3.org%2F2000%2Fsvg&#39;%20viewBox%3D&#39;0%200%20668%20445&#39;%2F%3E\" data-src=\"http:\/\/montaketak.com\/wp-content\/uploads\/2018\/08\/15cee835-6c1b-4cfe-ab82-58ff8250504c-668x445.jpg\" data-srcset=\"http:\/\/montaketak.com\/wp-content\/uploads\/2018\/08\/15cee835-6c1b-4cfe-ab82-58ff8250504c-668x445.jpg 668w, http:\/\/montaketak.com\/wp-content\/uploads\/2018\/08\/15cee835-6c1b-4cfe-ab82-58ff8250504c-1002x668.jpg 1002w\" alt=\"\" title=\"15cee835-6c1b-4cfe-ab82-58ff8250504c\" width=\"668\" height=\"445\"  \/><\/a>\t<\/div>\n<\/div>\n\n\n<div class=\"post-entry-content\">\n\n\t<h3 class=\"entry-title\">\n\t\t<a href=\"http:\/\/montaketak.com\/en\/iii-edicion-festival-de-la-montana-riano-2018\/\" title=\"III EDICION FESTIVAL DE LA MONTA\u00d1A RIA\u00d1O 2018\" rel=\"bookmark\">III EDICION FESTIVAL DE LA MONTA\u00d1A RIA\u00d1O 2018<\/a>\n\t<\/h3>\n\n\t<div class=\"entry-meta\"><span class=\"category-link\"><a href=\"http:\/\/montaketak.com\/category\/montajes-eventos\/\" >Montajes eventos<\/a><\/span><a class=\"author vcard\" href=\"http:\/\/montaketak.com\/en\/author\/montaketak\/\" title=\"View all posts by Montaketak\" rel=\"author\">By <span class=\"fn\">Montaketak<\/span><\/a><a href=\"http:\/\/montaketak.com\/en\/2018\/08\/07\/\" title=\"1:53 pm\" class=\"data-link\" rel=\"bookmark\"><time class=\"entry-date updated\" datetime=\"2018-08-07T13:53:52+02:00\">7 August, 2018<\/time><\/a><a href=\"http:\/\/montaketak.com\/en\/iii-edicion-festival-de-la-montana-riano-2018\/#respond\" class=\"comment-link\" >Leave a comment<\/a><\/div>\n\t<div class=\"entry-excerpt\"><p>El festival\u00a0M\u00fasica en la Monta\u00f1a, organizado por la\u00a0Consejer\u00eda de Fomento y Medio Ambiente, a trav\u00e9s de la Fundaci\u00f3n Patrimonio Natural, se celebr\u00f3 este s\u00e1bado en la localidad leonesa de\u00a0Ria\u00f1o\u00a0con m\u00e1s de 4.500 asistentes, superando la afluencia esperada. La noche comenz\u00f3 con la actuaci\u00f3n de\u00a0Leo Harlem\u00a0y continu\u00f3 con el concierto de la banda inglesa\u00a0Symphonic Rhapsody of&hellip;<\/p>\n<\/div>\n\t<a href=\"http:\/\/montaketak.com\/en\/iii-edicion-festival-de-la-montana-riano-2018\/\" class=\"post-details details-type-link\" rel=\"nofollow\">Read more<i class=\"fa fa-caret-right\" aria-hidden=\"true\"><\/i><\/a>\n<\/div><\/article><\/div><div class=\"visible wf-cell\" data-post-id=\"3667\" data-date=\"2018-07-18T13:13:33+02:00\" data-name=\"Montaje de la Bilbao Night Marathon\"><article class=\"post project-odd visible post-3667 type-post status-publish format-standard has-post-thumbnail hentry category-uncategorized category-32\" data-name=\"Montaje de la Bilbao Night Marathon\" data-date=\"2018-07-18T13:13:33+02:00\">\n\n<div class=\"post-thumbnail-wrap\">\n\t<div class=\"post-thumbnail\">\n\t\t\n\t\t\n\t\t<a href=\"http:\/\/montaketak.com\/en\/montaje-de-la-bilbao-night-marathon\/\" class=\"post-thumbnail-rollover layzr-bg\" ><img loading=\"lazy\" decoding=\"async\" class=\"iso-lazy-load preload-me\" src=\"data:image\/svg+xml,%3Csvg%20xmlns%3D&#39;http%3A%2F%2Fwww.w3.org%2F2000%2Fsvg&#39;%20viewBox%3D&#39;0%200%20627%20418&#39;%2F%3E\" data-src=\"http:\/\/montaketak.com\/wp-content\/uploads\/2017\/10\/night-marathon-627x418.jpg\" data-srcset=\"http:\/\/montaketak.com\/wp-content\/uploads\/2017\/10\/night-marathon-627x418.jpg 627w\" alt=\"\" title=\"night-marathon\" width=\"627\" height=\"418\"  \/><\/a>\t<\/div>\n<\/div>\n\n\n<div class=\"post-entry-content\">\n\n\t<h3 class=\"entry-title\">\n\t\t<a href=\"http:\/\/montaketak.com\/en\/montaje-de-la-bilbao-night-marathon\/\" title=\"Montaje de la Bilbao Night Marathon\" rel=\"bookmark\">Montaje de la Bilbao Night Marathon<\/a>\n\t<\/h3>\n\n\t<div class=\"entry-meta\"><span class=\"category-link\"><a href=\"http:\/\/montaketak.com\/en\/category\/uncategorized\/\" >Uncategorized<\/a><\/span><a class=\"author vcard\" href=\"http:\/\/montaketak.com\/en\/author\/frikitek\/\" title=\"View all posts by Montaketak\" rel=\"author\">By <span class=\"fn\">Montaketak<\/span><\/a><a href=\"http:\/\/montaketak.com\/en\/2018\/07\/18\/\" title=\"1:13 pm\" class=\"data-link\" rel=\"bookmark\"><time class=\"entry-date updated\" datetime=\"2018-07-18T13:13:33+02:00\">18 July, 2018<\/time><\/a><\/div>\n\t<div class=\"entry-excerpt\"><p>[vc_row][vc_column][vc_column_text]La Bilbao Night Marathon, la carrera nocturna de Bilbao, se ha convertido en un gran cl\u00e1sico del running m\u00e1s all\u00e1 de las fronteras de Bizkaia. Miles de corredores tomaron las calles de la ciudad para recorrer en diferentes distancias el camino hasta la meta. En estos casos la seguridad es lo m\u00e1s importante y para&hellip;<\/p>\n<\/div>\n\t<a href=\"http:\/\/montaketak.com\/en\/montaje-de-la-bilbao-night-marathon\/\" class=\"post-details details-type-link\" rel=\"nofollow\">Read more<i class=\"fa fa-caret-right\" aria-hidden=\"true\"><\/i><\/a>\n<\/div><\/article><\/div><div class=\"visible wf-cell\" data-post-id=\"3668\" data-date=\"2018-07-18T13:13:29+02:00\" data-name=\"Montaketak en Izan EiTB Jaia celebrada en el Palacio Euskalduna\"><article class=\"post project-odd visible post-3668 type-post status-publish format-standard has-post-thumbnail hentry category-uncategorized category-32\" data-name=\"Montaketak en Izan EiTB Jaia celebrada en el Palacio Euskalduna\" data-date=\"2018-07-18T13:13:29+02:00\">\n\n<div class=\"post-thumbnail-wrap\">\n\t<div class=\"post-thumbnail\">\n\t\t\n\t\t\n\t\t<a href=\"http:\/\/montaketak.com\/en\/montaketak-en-izan-eitb-jaia-celebrada-en-el-palacio-euskalduna\/\" class=\"post-thumbnail-rollover layzr-bg\" ><img loading=\"lazy\" decoding=\"async\" class=\"iso-lazy-load preload-me\" src=\"data:image\/svg+xml,%3Csvg%20xmlns%3D&#39;http%3A%2F%2Fwww.w3.org%2F2000%2Fsvg&#39;%20viewBox%3D&#39;0%200%20668%20445&#39;%2F%3E\" data-src=\"http:\/\/montaketak.com\/wp-content\/uploads\/2017\/10\/eitb-festa-668x445.jpg\" data-srcset=\"http:\/\/montaketak.com\/wp-content\/uploads\/2017\/10\/eitb-festa-668x445.jpg 668w, http:\/\/montaketak.com\/wp-content\/uploads\/2017\/10\/eitb-festa-863x576.jpg 863w\" alt=\"\" title=\"eitb-festa\" width=\"668\" height=\"445\"  \/><\/a>\t<\/div>\n<\/div>\n\n\n<div class=\"post-entry-content\">\n\n\t<h3 class=\"entry-title\">\n\t\t<a href=\"http:\/\/montaketak.com\/en\/montaketak-en-izan-eitb-jaia-celebrada-en-el-palacio-euskalduna\/\" title=\"Montaketak en Izan EiTB Jaia celebrada en el Palacio Euskalduna\" rel=\"bookmark\">Montaketak en Izan EiTB Jaia celebrada en el Palacio Euskalduna<\/a>\n\t<\/h3>\n\n\t<div class=\"entry-meta\"><span class=\"category-link\"><a href=\"http:\/\/montaketak.com\/en\/category\/uncategorized\/\" >Uncategorized<\/a><\/span><a class=\"author vcard\" href=\"http:\/\/montaketak.com\/en\/author\/frikitek\/\" title=\"View all posts by Montaketak\" rel=\"author\">By <span class=\"fn\">Montaketak<\/span><\/a><a href=\"http:\/\/montaketak.com\/en\/2018\/07\/18\/\" title=\"1:13 pm\" class=\"data-link\" rel=\"bookmark\"><time class=\"entry-date updated\" datetime=\"2018-07-18T13:13:29+02:00\">18 July, 2018<\/time><\/a><\/div>\n\t<div class=\"entry-excerpt\"><p>[vc_row][vc_column][vc_column_text]Montaketak estuvo presente en la celebraci\u00f3n de Izan Eitb Jaia. El evento celebrado en el Palacio Euskalduna cont\u00f3 con una presencia multitudinaria. En \u00e9l destac\u00f3 el preestreno de la serie &#8216;Go!azen&#8217; y el concierto de Gatibu, de la mano de Gaztea. Para que un evento salga perfecto es imprescindible un buen montaje. Por ello desde&hellip;<\/p>\n<\/div>\n\t<a href=\"http:\/\/montaketak.com\/en\/montaketak-en-izan-eitb-jaia-celebrada-en-el-palacio-euskalduna\/\" class=\"post-details details-type-link\" rel=\"nofollow\">Read more<i class=\"fa fa-caret-right\" aria-hidden=\"true\"><\/i><\/a>\n<\/div><\/article><\/div><div class=\"visible wf-cell\" data-post-id=\"3666\" data-date=\"2018-07-18T13:13:15+02:00\" data-name=\"ZORIONAK BIZKAIKO ZUBIA!\"><article class=\"post project-odd visible post-3666 type-post status-publish format-standard has-post-thumbnail hentry category-uncategorized category-32\" data-name=\"ZORIONAK BIZKAIKO ZUBIA!\" data-date=\"2018-07-18T13:13:15+02:00\">\n\n<div class=\"post-thumbnail-wrap\">\n\t<div class=\"post-thumbnail\">\n\t\t\n\t\t\n\t\t<a href=\"http:\/\/montaketak.com\/en\/zorionak-bizkaiko-zubia\/\" class=\"post-thumbnail-rollover layzr-bg\" ><img loading=\"lazy\" decoding=\"async\" class=\"iso-lazy-load preload-me\" src=\"data:image\/svg+xml,%3Csvg%20xmlns%3D&#39;http%3A%2F%2Fwww.w3.org%2F2000%2Fsvg&#39;%20viewBox%3D&#39;0%200%20668%20445&#39;%2F%3E\" data-src=\"http:\/\/montaketak.com\/wp-content\/uploads\/2018\/02\/27750622_1512694775496270_1522239344830289149_n-668x445.jpg\" data-srcset=\"http:\/\/montaketak.com\/wp-content\/uploads\/2018\/02\/27750622_1512694775496270_1522239344830289149_n-668x445.jpg 668w, http:\/\/montaketak.com\/wp-content\/uploads\/2018\/02\/27750622_1512694775496270_1522239344830289149_n-720x480.jpg 720w\" alt=\"\" title=\"27750622_1512694775496270_1522239344830289149_n\" width=\"668\" height=\"445\"  \/><\/a>\t<\/div>\n<\/div>\n\n\n<div class=\"post-entry-content\">\n\n\t<h3 class=\"entry-title\">\n\t\t<a href=\"http:\/\/montaketak.com\/en\/zorionak-bizkaiko-zubia\/\" title=\"ZORIONAK BIZKAIKO ZUBIA!\" rel=\"bookmark\">ZORIONAK BIZKAIKO ZUBIA!<\/a>\n\t<\/h3>\n\n\t<div class=\"entry-meta\"><span class=\"category-link\"><a href=\"http:\/\/montaketak.com\/en\/category\/uncategorized\/\" >Uncategorized<\/a><\/span><a class=\"author vcard\" href=\"http:\/\/montaketak.com\/en\/author\/frikitek\/\" title=\"View all posts by Montaketak\" rel=\"author\">By <span class=\"fn\">Montaketak<\/span><\/a><a href=\"http:\/\/montaketak.com\/en\/2018\/07\/18\/\" title=\"1:13 pm\" class=\"data-link\" rel=\"bookmark\"><time class=\"entry-date updated\" datetime=\"2018-07-18T13:13:15+02:00\">18 July, 2018<\/time><\/a><\/div>\n\t<div class=\"entry-excerpt\"><p>[vc_row][vc_column][vc_column_text]Montaketak quiere felicitar al puente Colgante por su 125 aniversario. Una pieza singular de la arquitectura e ingenier\u00eda, una infraestructura innovadora para su \u00e9poca que con el paso de los a\u00f1os se mantiene como el primer d\u00eda. El Puente Colgante, declarado Patrimonio de la Humanidad por la Unesco en 2006, celebrar\u00e1 este a\u00f1o su 125&hellip;<\/p>\n<\/div>\n\t<a href=\"http:\/\/montaketak.com\/en\/zorionak-bizkaiko-zubia\/\" class=\"post-details details-type-link\" rel=\"nofollow\">Read more<i class=\"fa fa-caret-right\" aria-hidden=\"true\"><\/i><\/a>\n<\/div><\/article><\/div><div class=\"visible wf-cell\" data-post-id=\"3631\" data-date=\"2018-06-27T14:41:18+02:00\" data-name=\"LA KANTERA INVITATIONAL 2018\"><article class=\"post project-odd visible post-3631 type-post status-publish format-standard has-post-thumbnail hentry category-montajes-eventos category-35\" data-name=\"LA KANTERA INVITATIONAL 2018\" data-date=\"2018-06-27T14:41:18+02:00\">\n\n<div class=\"post-thumbnail-wrap\">\n\t<div class=\"post-thumbnail\">\n\t\t\n\t\t\n\t\t<a href=\"http:\/\/montaketak.com\/en\/la-kantera-invitational-2018\/\" class=\"post-thumbnail-rollover layzr-bg\" ><img loading=\"lazy\" decoding=\"async\" class=\"iso-lazy-load preload-me\" src=\"data:image\/svg+xml,%3Csvg%20xmlns%3D&#39;http%3A%2F%2Fwww.w3.org%2F2000%2Fsvg&#39;%20viewBox%3D&#39;0%200%20668%20445&#39;%2F%3E\" data-src=\"http:\/\/montaketak.com\/wp-content\/uploads\/2018\/06\/styling-blog-la-kantera-initational-2018-1-668x445.jpg\" data-srcset=\"http:\/\/montaketak.com\/wp-content\/uploads\/2018\/06\/styling-blog-la-kantera-initational-2018-1-668x445.jpg 668w, http:\/\/montaketak.com\/wp-content\/uploads\/2018\/06\/styling-blog-la-kantera-initational-2018-1-1002x668.jpg 1002w\" alt=\"\" title=\"Styling-blog-la-kantera-initational-2018-1\" width=\"668\" height=\"445\"  \/><\/a>\t<\/div>\n<\/div>\n\n\n<div class=\"post-entry-content\">\n\n\t<h3 class=\"entry-title\">\n\t\t<a href=\"http:\/\/montaketak.com\/en\/la-kantera-invitational-2018\/\" title=\"LA KANTERA INVITATIONAL 2018\" rel=\"bookmark\">LA KANTERA INVITATIONAL 2018<\/a>\n\t<\/h3>\n\n\t<div class=\"entry-meta\"><span class=\"category-link\"><a href=\"http:\/\/montaketak.com\/category\/montajes-eventos\/\" >Montajes eventos<\/a><\/span><a class=\"author vcard\" href=\"http:\/\/montaketak.com\/en\/author\/montaketak\/\" title=\"View all posts by Montaketak\" rel=\"author\">By <span class=\"fn\">Montaketak<\/span><\/a><a href=\"http:\/\/montaketak.com\/en\/2018\/06\/27\/\" title=\"2:41 pm\" class=\"data-link\" rel=\"bookmark\"><time class=\"entry-date updated\" datetime=\"2018-06-27T14:41:18+02:00\">27 June, 2018<\/time><\/a><a href=\"http:\/\/montaketak.com\/en\/la-kantera-invitational-2018\/#respond\" class=\"comment-link\" >Leave a comment<\/a><\/div>\n\t<div class=\"entry-excerpt\"><p>La quinta edici\u00f3n de la Kantera Invitational presentado por Euskaltel y Volcom, ha resultado un \u00e9xito de participaci\u00f3n. La \u00e9lite mundial del skate no ha fallado un a\u00f1o m\u00e1s a su cita con el legendario pool getxotarra. As\u00ed, el gran Nicky Guerrero, vigente campe\u00f3n de la Kantera Invitational, ha repetido triunfo con evidente dominio del&hellip;<\/p>\n<\/div>\n\t<a href=\"http:\/\/montaketak.com\/en\/la-kantera-invitational-2018\/\" class=\"post-details details-type-link\" rel=\"nofollow\">Read more<i class=\"fa fa-caret-right\" aria-hidden=\"true\"><\/i><\/a>\n<\/div><\/article><\/div><div class=\"visible wf-cell\" data-post-id=\"3616\" data-date=\"2018-05-15T12:53:16+02:00\" data-name=\"GIRA ISMAEL SERRANO\"><article class=\"post project-odd visible post-3616 type-post status-publish format-standard has-post-thumbnail hentry category-montajes-eventos category-35\" data-name=\"GIRA ISMAEL SERRANO\" data-date=\"2018-05-15T12:53:16+02:00\">\n\n<div class=\"post-thumbnail-wrap\">\n\t<div class=\"post-thumbnail\">\n\t\t\n\t\t\n\t\t<a href=\"http:\/\/montaketak.com\/en\/gira-ismael-serrano\/\" class=\"post-thumbnail-rollover layzr-bg\" ><img loading=\"lazy\" decoding=\"async\" class=\"iso-lazy-load preload-me\" src=\"data:image\/svg+xml,%3Csvg%20xmlns%3D&#39;http%3A%2F%2Fwww.w3.org%2F2000%2Fsvg&#39;%20viewBox%3D&#39;0%200%20668%20445&#39;%2F%3E\" data-src=\"http:\/\/montaketak.com\/wp-content\/uploads\/2018\/05\/b4dddd01-fb57-406f-a45c-f7eec23d1cac-668x445.jpg\" data-srcset=\"http:\/\/montaketak.com\/wp-content\/uploads\/2018\/05\/b4dddd01-fb57-406f-a45c-f7eec23d1cac-668x445.jpg 668w, http:\/\/montaketak.com\/wp-content\/uploads\/2018\/05\/b4dddd01-fb57-406f-a45c-f7eec23d1cac-1002x668.jpg 1002w\" alt=\"\" title=\"b4dddd01-fb57-406f-a45c-f7eec23d1cac\" width=\"668\" height=\"445\"  \/><\/a>\t<\/div>\n<\/div>\n\n\n<div class=\"post-entry-content\">\n\n\t<h3 class=\"entry-title\">\n\t\t<a href=\"http:\/\/montaketak.com\/en\/gira-ismael-serrano\/\" title=\"GIRA ISMAEL SERRANO\" rel=\"bookmark\">GIRA ISMAEL SERRANO<\/a>\n\t<\/h3>\n\n\t<div class=\"entry-meta\"><span class=\"category-link\"><a href=\"http:\/\/montaketak.com\/category\/montajes-eventos\/\" >Montajes eventos<\/a><\/span><a class=\"author vcard\" href=\"http:\/\/montaketak.com\/en\/author\/montaketak\/\" title=\"View all posts by Montaketak\" rel=\"author\">By <span class=\"fn\">Montaketak<\/span><\/a><a href=\"http:\/\/montaketak.com\/en\/2018\/05\/15\/\" title=\"12:53 pm\" class=\"data-link\" rel=\"bookmark\"><time class=\"entry-date updated\" datetime=\"2018-05-15T12:53:16+02:00\">15 May, 2018<\/time><\/a><a href=\"http:\/\/montaketak.com\/en\/gira-ismael-serrano\/#respond\" class=\"comment-link\" >Leave a comment<\/a><\/div>\n\t<div class=\"entry-excerpt\"><p>Se cumplen 20 a\u00f1os de una carrera repleta de enormes \u00e9xitos de la canci\u00f3n popular, y para celebrar este aniversario Ismael Serrano ha puesto en marcha un proyecto muy especial: su nuevo disco en directo, &#8217;20 a\u00f1os. Hoy es siempre&#8217;. Sus seguidores disfrutaron de los \u00e9xitos de siempre, pero tambi\u00e9n de temas in\u00e9ditos y de&hellip;<\/p>\n<\/div>\n\t<a href=\"http:\/\/montaketak.com\/en\/gira-ismael-serrano\/\" class=\"post-details details-type-link\" rel=\"nofollow\">Read more<i class=\"fa fa-caret-right\" aria-hidden=\"true\"><\/i><\/a>\n<\/div><\/article><\/div><div class=\"visible wf-cell\" data-post-id=\"3609\" data-date=\"2018-05-15T12:41:16+02:00\" data-name=\"FINAL EUROPA BOXEO KERMAN VS BRADLEY\"><article class=\"post project-odd visible post-3609 type-post status-publish format-standard has-post-thumbnail hentry category-montajes-eventos category-35\" data-name=\"FINAL EUROPA BOXEO KERMAN VS BRADLEY\" data-date=\"2018-05-15T12:41:16+02:00\">\n\n<div class=\"post-thumbnail-wrap\">\n\t<div class=\"post-thumbnail\">\n\t\t\n\t\t\n\t\t<a href=\"http:\/\/montaketak.com\/en\/final-europa-kerman-vs-bradley\/\" class=\"post-thumbnail-rollover layzr-bg\" ><img loading=\"lazy\" decoding=\"async\" class=\"iso-lazy-load preload-me\" src=\"data:image\/svg+xml,%3Csvg%20xmlns%3D&#39;http%3A%2F%2Fwww.w3.org%2F2000%2Fsvg&#39;%20viewBox%3D&#39;0%200%20668%20445&#39;%2F%3E\" data-src=\"http:\/\/montaketak.com\/wp-content\/uploads\/2018\/05\/unnamed-668x445.jpg\" data-srcset=\"http:\/\/montaketak.com\/wp-content\/uploads\/2018\/05\/unnamed-668x445.jpg 668w, http:\/\/montaketak.com\/wp-content\/uploads\/2018\/05\/unnamed-900x600.jpg 900w\" alt=\"\" title=\"unnamed\" width=\"668\" height=\"445\"  \/><\/a>\t<\/div>\n<\/div>\n\n\n<div class=\"post-entry-content\">\n\n\t<h3 class=\"entry-title\">\n\t\t<a href=\"http:\/\/montaketak.com\/en\/final-europa-kerman-vs-bradley\/\" title=\"FINAL EUROPA BOXEO KERMAN VS BRADLEY\" rel=\"bookmark\">FINAL EUROPA BOXEO KERMAN VS BRADLEY<\/a>\n\t<\/h3>\n\n\t<div class=\"entry-meta\"><span class=\"category-link\"><a href=\"http:\/\/montaketak.com\/category\/montajes-eventos\/\" >Montajes eventos<\/a><\/span><a class=\"author vcard\" href=\"http:\/\/montaketak.com\/en\/author\/montaketak\/\" title=\"View all posts by Montaketak\" rel=\"author\">By <span class=\"fn\">Montaketak<\/span><\/a><a href=\"http:\/\/montaketak.com\/en\/2018\/05\/15\/\" title=\"12:41 pm\" class=\"data-link\" rel=\"bookmark\"><time class=\"entry-date updated\" datetime=\"2018-05-15T12:41:16+02:00\">15 May, 2018<\/time><\/a><a href=\"http:\/\/montaketak.com\/en\/final-europa-kerman-vs-bradley\/#respond\" class=\"comment-link\" >Leave a comment<\/a><\/div>\n\t<div class=\"entry-excerpt\"><p>El Bilbao Arena vibr\u00f3 con su \u00eddolo\u00a0Kerman Lejarraga (25-0, 20 KO), que se jugaba el campeonato de Europa del peso w\u00e9lter con el brit\u00e1nico Bradley Skeete. El &#8216;Rev\u00f3lver de Morga&#8217; no s\u00f3lo no ha defraudado, sino que ha vencido con poder\u00edo\u00a0en el segundo asalto por KO t\u00e9cnico\u00a0frente a un rival que ven\u00eda con un r\u00e9cord&hellip;<\/p>\n<\/div>\n\t<a href=\"http:\/\/montaketak.com\/en\/final-europa-kerman-vs-bradley\/\" class=\"post-details details-type-link\" rel=\"nofollow\">Read more<i class=\"fa fa-caret-right\" aria-hidden=\"true\"><\/i><\/a>\n<\/div><\/article><\/div><\/div><!-- iso-container|iso-grid --><\/div>[\/vc_column][\/vc_row]<\/p>\n<\/div>","protected":false},"excerpt":{"rendered":"<p>[vc_row full_width=&#8221;stretch_row&#8221; bg_type=&#8221;image&#8221; parallax_style=&#8221;vcpb-default&#8221; bg_image_new=&#8221;id^3172|url^http:\/\/montaketak.com\/wp-content\/uploads\/2018\/03\/noticias-cabecera-1.jpg|caption^null|alt^null|title^noticias cabecera|description^null&#8221; bg_image_repeat=&#8221;no-repeat&#8221; bg_image_posiiton=&#8221;top&#8221; type=&#8221;vc_default&#8221; min_height=&#8221;400px&#8221; css=&#8221;.vc_custom_1520849972689{margin-top: -70px !important;padding-top: 110px !important;padding-bottom: 0px !important;}&#8221;][vc_column][vc_column_text] News [\/vc_column_text][vc_empty_space height=&#8221;110px&#8221;][\/vc_column][\/vc_row][vc_row type=&#8221;vc_default&#8221; css=&#8221;.vc_custom_1519980291151{margin-top: 60px !important;}&#8221;][vc_column][\/vc_column][\/vc_row]<\/p>\n","protected":false},"author":1,"featured_media":0,"parent":0,"menu_order":0,"comment_status":"closed","ping_status":"closed","template":"","meta":[],"class_list":["post-3664","page","type-page","status-publish","hentry","description-off"],"yoast_head":"<!-- This site is optimized with the Yoast SEO plugin v26.2 - https:\/\/yoast.com\/wordpress\/plugins\/seo\/ -->\n<title>News - Montaketak | Integral Services<\/title>\n<meta name=\"robots\" content=\"index, follow, max-snippet:-1, max-image-preview:large, max-video-preview:-1\" \/>\n<link rel=\"canonical\" href=\"http:\/\/montaketak.com\/en\/news\/\" \/>\n<meta property=\"og:locale\" content=\"en_US\" \/>\n<meta property=\"og:type\" content=\"article\" \/>\n<meta property=\"og:title\" content=\"News - Montaketak | Integral Services\" \/>\n<meta property=\"og:description\" content=\"[vc_row full_width=&#8221;stretch_row&#8221; bg_type=&#8221;image&#8221; parallax_style=&#8221;vcpb-default&#8221; bg_image_new=&#8221;id^3172|url^http:\/\/montaketak.com\/wp-content\/uploads\/2018\/03\/noticias-cabecera-1.jpg|caption^null|alt^null|title^noticias cabecera|description^null&#8221; bg_image_repeat=&#8221;no-repeat&#8221; bg_image_posiiton=&#8221;top&#8221; type=&#8221;vc_default&#8221; min_height=&#8221;400px&#8221; css=&#8221;.vc_custom_1520849972689{margin-top: -70px !important;padding-top: 110px !important;padding-bottom: 0px !important;}&#8221;][vc_column][vc_column_text] News [\/vc_column_text][vc_empty_space height=&#8221;110px&#8221;][\/vc_column][\/vc_row][vc_row type=&#8221;vc_default&#8221; css=&#8221;.vc_custom_1519980291151{margin-top: 60px !important;}&#8221;][vc_column][\/vc_column][\/vc_row]\" \/>\n<meta property=\"og:url\" content=\"http:\/\/montaketak.com\/en\/news\/\" \/>\n<meta property=\"og:site_name\" content=\"Montaketak. Estructuras para eventos\" \/>\n<meta property=\"article:modified_time\" content=\"2018-07-18T11:18:35+00:00\" \/>\n<meta name=\"twitter:label1\" content=\"Est. reading time\" \/>\n\t<meta name=\"twitter:data1\" content=\"1 minute\" \/>\n<script type=\"application\/ld+json\" class=\"yoast-schema-graph\">{\"@context\":\"https:\/\/schema.org\",\"@graph\":[{\"@type\":\"WebPage\",\"@id\":\"http:\/\/montaketak.com\/en\/news\/\",\"url\":\"http:\/\/montaketak.com\/en\/news\/\",\"name\":\"News - Montaketak | Integral Services\",\"isPartOf\":{\"@id\":\"https:\/\/montaketak.com\/#website\"},\"datePublished\":\"2018-07-18T11:12:22+00:00\",\"dateModified\":\"2018-07-18T11:18:35+00:00\",\"breadcrumb\":{\"@id\":\"http:\/\/montaketak.com\/en\/news\/#breadcrumb\"},\"inLanguage\":\"en-US\",\"potentialAction\":[{\"@type\":\"ReadAction\",\"target\":[\"http:\/\/montaketak.com\/en\/news\/\"]}]},{\"@type\":\"BreadcrumbList\",\"@id\":\"http:\/\/montaketak.com\/en\/news\/#breadcrumb\",\"itemListElement\":[{\"@type\":\"ListItem\",\"position\":1,\"name\":\"Portada\",\"item\":\"https:\/\/montaketak.com\/en\/\"},{\"@type\":\"ListItem\",\"position\":2,\"name\":\"News\"}]},{\"@type\":\"WebSite\",\"@id\":\"https:\/\/montaketak.com\/#website\",\"url\":\"https:\/\/montaketak.com\/\",\"name\":\"Montaketak\",\"description\":\"Escenarios, Carpas o Vallas\",\"alternateName\":\"Estructuras para eventos en Bizkaia\",\"potentialAction\":[{\"@type\":\"SearchAction\",\"target\":{\"@type\":\"EntryPoint\",\"urlTemplate\":\"https:\/\/montaketak.com\/?s={search_term_string}\"},\"query-input\":{\"@type\":\"PropertyValueSpecification\",\"valueRequired\":true,\"valueName\":\"search_term_string\"}}],\"inLanguage\":\"en-US\"}]}<\/script>\n<!-- \/ Yoast SEO plugin. -->","yoast_head_json":{"title":"News - Montaketak | Integral Services","robots":{"index":"index","follow":"follow","max-snippet":"max-snippet:-1","max-image-preview":"max-image-preview:large","max-video-preview":"max-video-preview:-1"},"canonical":"http:\/\/montaketak.com\/en\/news\/","og_locale":"en_US","og_type":"article","og_title":"News - Montaketak | Integral Services","og_description":"[vc_row full_width=&#8221;stretch_row&#8221; bg_type=&#8221;image&#8221; parallax_style=&#8221;vcpb-default&#8221; bg_image_new=&#8221;id^3172|url^http:\/\/montaketak.com\/wp-content\/uploads\/2018\/03\/noticias-cabecera-1.jpg|caption^null|alt^null|title^noticias cabecera|description^null&#8221; bg_image_repeat=&#8221;no-repeat&#8221; bg_image_posiiton=&#8221;top&#8221; type=&#8221;vc_default&#8221; min_height=&#8221;400px&#8221; css=&#8221;.vc_custom_1520849972689{margin-top: -70px !important;padding-top: 110px !important;padding-bottom: 0px !important;}&#8221;][vc_column][vc_column_text] News [\/vc_column_text][vc_empty_space height=&#8221;110px&#8221;][\/vc_column][\/vc_row][vc_row type=&#8221;vc_default&#8221; css=&#8221;.vc_custom_1519980291151{margin-top: 60px !important;}&#8221;][vc_column][\/vc_column][\/vc_row]","og_url":"http:\/\/montaketak.com\/en\/news\/","og_site_name":"Montaketak. Estructuras para eventos","article_modified_time":"2018-07-18T11:18:35+00:00","twitter_misc":{"Est. reading time":"1 minute"},"schema":{"@context":"https:\/\/schema.org","@graph":[{"@type":"WebPage","@id":"http:\/\/montaketak.com\/en\/news\/","url":"http:\/\/montaketak.com\/en\/news\/","name":"News - Montaketak | Integral Services","isPartOf":{"@id":"https:\/\/montaketak.com\/#website"},"datePublished":"2018-07-18T11:12:22+00:00","dateModified":"2018-07-18T11:18:35+00:00","breadcrumb":{"@id":"http:\/\/montaketak.com\/en\/news\/#breadcrumb"},"inLanguage":"en-US","potentialAction":[{"@type":"ReadAction","target":["http:\/\/montaketak.com\/en\/news\/"]}]},{"@type":"BreadcrumbList","@id":"http:\/\/montaketak.com\/en\/news\/#breadcrumb","itemListElement":[{"@type":"ListItem","position":1,"name":"Portada","item":"https:\/\/montaketak.com\/en\/"},{"@type":"ListItem","position":2,"name":"News"}]},{"@type":"WebSite","@id":"https:\/\/montaketak.com\/#website","url":"https:\/\/montaketak.com\/","name":"Montaketak","description":"Escenarios, Carpas o Vallas","alternateName":"Estructuras para eventos en Bizkaia","potentialAction":[{"@type":"SearchAction","target":{"@type":"EntryPoint","urlTemplate":"https:\/\/montaketak.com\/?s={search_term_string}"},"query-input":{"@type":"PropertyValueSpecification","valueRequired":true,"valueName":"search_term_string"}}],"inLanguage":"en-US"}]}},"_links":{"self":[{"href":"http:\/\/montaketak.com\/en\/wp-json\/wp\/v2\/pages\/3664","targetHints":{"allow":["GET"]}}],"collection":[{"href":"http:\/\/montaketak.com\/en\/wp-json\/wp\/v2\/pages"}],"about":[{"href":"http:\/\/montaketak.com\/en\/wp-json\/wp\/v2\/types\/page"}],"author":[{"embeddable":true,"href":"http:\/\/montaketak.com\/en\/wp-json\/wp\/v2\/users\/1"}],"replies":[{"embeddable":true,"href":"http:\/\/montaketak.com\/en\/wp-json\/wp\/v2\/comments?post=3664"}],"version-history":[{"count":3,"href":"http:\/\/montaketak.com\/en\/wp-json\/wp\/v2\/pages\/3664\/revisions"}],"predecessor-version":[{"id":3674,"href":"http:\/\/montaketak.com\/en\/wp-json\/wp\/v2\/pages\/3664\/revisions\/3674"}],"wp:attachment":[{"href":"http:\/\/montaketak.com\/en\/wp-json\/wp\/v2\/media?parent=3664"}],"curies":[{"name":"wp","href":"https:\/\/api.w.org\/{rel}","templated":true}]}}